{"id":29151,"date":"2023-03-29T08:29:27","date_gmt":"2023-03-29T08:29:27","guid":{"rendered":"https:\/\/turismomaestrazgo.org\/lieux-guerres-carlistes\/"},"modified":"2023-07-03T08:16:33","modified_gmt":"2023-07-03T08:16:33","slug":"lieux-guerres-carlistes","status":"publish","type":"page","link":"https:\/\/turismomaestrazgo.org\/fr\/lieux-guerres-carlistes\/","title":{"rendered":"Lieux Guerres carlistes"},"content":{"rendered":"\t\t<div data-elementor-type=\"wp-page\" data-elementor-id=\"29151\" class=\"elementor elementor-29151 elementor-26612\" data-elementor-post-type=\"page\">\n\t\t\t\t\t\t<section data-particle_enable=\"false\" data-particle-mobile-disabled=\"false\" class=\"elementor-section elementor-top-section elementor-element elementor-element-3f0508c elementor-section-boxed elementor-section-height-default elementor-section-height-default\" data-id=\"3f0508c\" data-element_type=\"section\" data-e-type=\"section\">\n\t\t\t\t\t\t<div class=\"elementor-container elementor-column-gap-default\">\n\t\t\t\t\t<div class=\"elementor-column elementor-col-100 elementor-top-column elementor-element elementor-element-2389957\" data-id=\"2389957\" data-element_type=\"column\" data-e-type=\"column\">\n\t\t\t<div class=\"elementor-widget-wrap elementor-element-populated\">\n\t\t\t\t\t\t<div class=\"elementor-element elementor-element-db8e2f8 elementor-widget elementor-widget-text-editor\" data-id=\"db8e2f8\" data-element_type=\"widget\" data-e-type=\"widget\" data-widget_type=\"text-editor.default\">\n\t\t\t\t<div class=\"elementor-widget-container\">\n\t\t\t\t\t\t\t\t\t<p><a href=\"https:\/\/turismomaestrazgo.org\/fr\/territoire-des-guerres-carlistes\/\">Territorio Guerras Carlistas : accueil <\/a>| <span style=\"color: #ff6600;\">Les villages<\/span><\/p>\n\t\t\t\t\t\t\t\t<\/div>\n\t\t\t\t<\/div>\n\t\t\t\t<div class=\"elementor-element elementor-element-078c650 elementor-widget elementor-widget-spacer\" data-id=\"078c650\" data-element_type=\"widget\" data-e-type=\"widget\" data-widget_type=\"spacer.default\">\n\t\t\t\t<div class=\"elementor-widget-container\">\n\t\t\t\t\t\t\t<div class=\"elementor-spacer\">\n\t\t\t<div class=\"elementor-spacer-inner\"><\/div>\n\t\t<\/div>\n\t\t\t\t\t\t<\/div>\n\t\t\t\t<\/div>\n\t\t\t\t\t<\/div>\n\t\t<\/div>\n\t\t\t\t\t<\/div>\n\t\t<\/section>\n\t\t\t\t<section data-particle_enable=\"false\" data-particle-mobile-disabled=\"false\" class=\"elementor-section elementor-top-section elementor-element elementor-element-d5df986 elementor-section-boxed elementor-section-height-default elementor-section-height-default\" data-id=\"d5df986\" data-element_type=\"section\" data-e-type=\"section\">\n\t\t\t\t\t\t<div class=\"elementor-container elementor-column-gap-default\">\n\t\t\t\t\t<div class=\"elementor-column elementor-col-100 elementor-top-column elementor-element elementor-element-eaea982\" data-id=\"eaea982\" data-element_type=\"column\" data-e-type=\"column\">\n\t\t\t<div class=\"elementor-widget-wrap elementor-element-populated\">\n\t\t\t\t\t\t<div class=\"elementor-element elementor-element-8940d96 elementor-widget elementor-widget-heading\" data-id=\"8940d96\" data-element_type=\"widget\" data-e-type=\"widget\" data-widget_type=\"heading.default\">\n\t\t\t\t<div class=\"elementor-widget-container\">\n\t\t\t\t\t<h2 class=\"elementor-heading-title elementor-size-default\">Les villages<\/h2>\t\t\t\t<\/div>\n\t\t\t\t<\/div>\n\t\t\t\t<div class=\"elementor-element elementor-element-6d8203c elementor-widget elementor-widget-heading\" data-id=\"6d8203c\" data-element_type=\"widget\" data-e-type=\"widget\" data-widget_type=\"heading.default\">\n\t\t\t\t<div class=\"elementor-widget-container\">\n\t\t\t\t\t<h2 class=\"elementor-heading-title elementor-size-default\">Territoire des guerres carlistes<\/h2>\t\t\t\t<\/div>\n\t\t\t\t<\/div>\n\t\t\t\t\t<\/div>\n\t\t<\/div>\n\t\t\t\t\t<\/div>\n\t\t<\/section>\n\t\t\t\t<section data-particle_enable=\"false\" data-particle-mobile-disabled=\"false\" class=\"elementor-section elementor-top-section elementor-element elementor-element-387c00c elementor-section-boxed elementor-section-height-default elementor-section-height-default\" data-id=\"387c00c\" data-element_type=\"section\" data-e-type=\"section\">\n\t\t\t\t\t\t<div class=\"elementor-container elementor-column-gap-default\">\n\t\t\t\t\t<div class=\"elementor-column elementor-col-100 elementor-top-column elementor-element elementor-element-d82109c\" data-id=\"d82109c\" data-element_type=\"column\" data-e-type=\"column\">\n\t\t\t<div class=\"elementor-widget-wrap elementor-element-populated\">\n\t\t\t\t\t\t<div class=\"elementor-element elementor-element-2d16e45 elementor-widget elementor-widget-spacer\" data-id=\"2d16e45\" data-element_type=\"widget\" data-e-type=\"widget\" data-widget_type=\"spacer.default\">\n\t\t\t\t<div class=\"elementor-widget-container\">\n\t\t\t\t\t\t\t<div class=\"elementor-spacer\">\n\t\t\t<div class=\"elementor-spacer-inner\"><\/div>\n\t\t<\/div>\n\t\t\t\t\t\t<\/div>\n\t\t\t\t<\/div>\n\t\t\t\t\t<\/div>\n\t\t<\/div>\n\t\t\t\t\t<\/div>\n\t\t<\/section>\n\t\t\t\t<section data-particle_enable=\"false\" data-particle-mobile-disabled=\"false\" class=\"elementor-section elementor-top-section elementor-element elementor-element-5eb0084 elementor-section-boxed elementor-section-height-default elementor-section-height-default\" data-id=\"5eb0084\" data-element_type=\"section\" data-e-type=\"section\">\n\t\t\t\t\t\t<div class=\"elementor-container elementor-column-gap-default\">\n\t\t\t\t\t<div class=\"elementor-column elementor-col-100 elementor-top-column elementor-element elementor-element-d15383c\" data-id=\"d15383c\" data-element_type=\"column\" data-e-type=\"column\">\n\t\t\t<div class=\"elementor-widget-wrap elementor-element-populated\">\n\t\t\t\t\t\t<div class=\"elementor-element elementor-element-4bbdc38 elementor-grid-eael-col-4 elementor-grid-tablet-eael-col-2 elementor-grid-mobile-eael-col-1 elementor-widget elementor-widget-eael-post-grid\" data-id=\"4bbdc38\" data-element_type=\"widget\" data-e-type=\"widget\" data-settings=\"{&quot;eael_post_grid_columns&quot;:&quot;eael-col-4&quot;,&quot;eael_post_grid_columns_tablet&quot;:&quot;eael-col-2&quot;,&quot;eael_post_grid_columns_mobile&quot;:&quot;eael-col-1&quot;}\" data-widget_type=\"eael-post-grid.default\">\n\t\t\t\t<div class=\"elementor-widget-container\">\n\t\t\t\t\t<div id=\"eael-post-grid-4bbdc38\" class=\"eael-post-grid-container\">\n            <div class=\"eael-post-grid eael-post-appender eael-post-appender-4bbdc38 eael-post-grid-style-one\" data-layout-mode=\"grid\"><article class=\"eael-grid-post  eael-post-grid-column eael-pg-post-29092\" data-id=\"29092\">\n        <div class=\"eael-grid-post-holder\">\n            <div class=\"eael-grid-post-holder-inner\"><div class=\"eael-entry-media\"><div class=\"eael-entry-overlay fade-in\"><i class=\"fas fa-angle-right\" aria-hidden=\"true\"><\/i><a href=\"https:\/\/turismomaestrazgo.org\/fr\/guerras-carlistas\/allepuz\/\"><\/a><\/div><div class=\"eael-entry-thumbnail eael-image-ratio\">\n                <img fetchpriority=\"high\" decoding=\"async\" width=\"1920\" height=\"1080\" src=\"https:\/\/turismomaestrazgo.org\/wp-content\/uploads\/2023\/02\/allepuz-guerras-carlistas-archive.jpg\" class=\"attachment-full size-full wp-image-25766\" alt=\"Allepuz Territorio Guerras Carlistas (Territoire des guerres carlistes)\" srcset=\"https:\/\/turismomaestrazgo.org\/wp-content\/uploads\/2023\/02\/allepuz-guerras-carlistas-archive.jpg 1920w, https:\/\/turismomaestrazgo.org\/wp-content\/uploads\/2023\/02\/allepuz-guerras-carlistas-archive-300x169.jpg 300w, https:\/\/turismomaestrazgo.org\/wp-content\/uploads\/2023\/02\/allepuz-guerras-carlistas-archive-1024x576.jpg 1024w, https:\/\/turismomaestrazgo.org\/wp-content\/uploads\/2023\/02\/allepuz-guerras-carlistas-archive-768x432.jpg 768w, https:\/\/turismomaestrazgo.org\/wp-content\/uploads\/2023\/02\/allepuz-guerras-carlistas-archive-1536x864.jpg 1536w\" sizes=\"(max-width: 1920px) 100vw, 1920px\" \/>\n            <\/div>\n        <\/div><div class=\"eael-entry-wrapper\"><header class=\"eael-entry-header\"><h2 class=\"eael-entry-title\"><a class=\"eael-grid-post-link\" href=\"https:\/\/turismomaestrazgo.org\/fr\/guerras-carlistas\/allepuz\/\" title=\"Allepuz\">Allepuz<\/a><\/h2><\/header><\/div><\/div>\n        <\/div>\n    <\/article><article class=\"eael-grid-post  eael-post-grid-column eael-pg-post-29098\" data-id=\"29098\">\n        <div class=\"eael-grid-post-holder\">\n            <div class=\"eael-grid-post-holder-inner\"><div class=\"eael-entry-media\"><div class=\"eael-entry-overlay fade-in\"><i class=\"fas fa-angle-right\" aria-hidden=\"true\"><\/i><a href=\"https:\/\/turismomaestrazgo.org\/fr\/guerras-carlistas\/bordon\/\"><\/a><\/div><div class=\"eael-entry-thumbnail eael-image-ratio\">\n                <img decoding=\"async\" width=\"1980\" height=\"1080\" src=\"https:\/\/turismomaestrazgo.org\/wp-content\/uploads\/2023\/02\/bordon-guerras-carlistas-archive.jpg\" class=\"attachment-full size-full wp-image-25811\" alt=\"Bord\u00f3n Guerres carlistes Territoire\" srcset=\"https:\/\/turismomaestrazgo.org\/wp-content\/uploads\/2023\/02\/bordon-guerras-carlistas-archive.jpg 1980w, https:\/\/turismomaestrazgo.org\/wp-content\/uploads\/2023\/02\/bordon-guerras-carlistas-archive-300x164.jpg 300w, https:\/\/turismomaestrazgo.org\/wp-content\/uploads\/2023\/02\/bordon-guerras-carlistas-archive-1024x559.jpg 1024w, https:\/\/turismomaestrazgo.org\/wp-content\/uploads\/2023\/02\/bordon-guerras-carlistas-archive-768x419.jpg 768w, https:\/\/turismomaestrazgo.org\/wp-content\/uploads\/2023\/02\/bordon-guerras-carlistas-archive-1536x838.jpg 1536w\" sizes=\"(max-width: 1980px) 100vw, 1980px\" \/>\n            <\/div>\n        <\/div><div class=\"eael-entry-wrapper\"><header class=\"eael-entry-header\"><h2 class=\"eael-entry-title\"><a class=\"eael-grid-post-link\" href=\"https:\/\/turismomaestrazgo.org\/fr\/guerras-carlistas\/bordon\/\" title=\"Bordon\">Bordon<\/a><\/h2><\/header><\/div><\/div>\n        <\/div>\n    <\/article><article class=\"eael-grid-post  eael-post-grid-column eael-pg-post-29082\" data-id=\"29082\">\n        <div class=\"eael-grid-post-holder\">\n            <div class=\"eael-grid-post-holder-inner\"><div class=\"eael-entry-media\"><div class=\"eael-entry-overlay fade-in\"><i class=\"fas fa-angle-right\" aria-hidden=\"true\"><\/i><a href=\"https:\/\/turismomaestrazgo.org\/fr\/guerras-carlistas\/canada-de-benatanduz\/\"><\/a><\/div><div class=\"eael-entry-thumbnail eael-image-ratio\">\n                <img decoding=\"async\" width=\"1920\" height=\"1088\" src=\"https:\/\/turismomaestrazgo.org\/wp-content\/uploads\/2023\/02\/canada-guerras-carlistas-archive.jpg\" class=\"attachment-full size-full wp-image-25808\" alt=\"Ca\u00f1ada Territorio Guerras Carlistas\" srcset=\"https:\/\/turismomaestrazgo.org\/wp-content\/uploads\/2023\/02\/canada-guerras-carlistas-archive.jpg 1920w, https:\/\/turismomaestrazgo.org\/wp-content\/uploads\/2023\/02\/canada-guerras-carlistas-archive-300x170.jpg 300w, https:\/\/turismomaestrazgo.org\/wp-content\/uploads\/2023\/02\/canada-guerras-carlistas-archive-1024x580.jpg 1024w, https:\/\/turismomaestrazgo.org\/wp-content\/uploads\/2023\/02\/canada-guerras-carlistas-archive-768x435.jpg 768w, https:\/\/turismomaestrazgo.org\/wp-content\/uploads\/2023\/02\/canada-guerras-carlistas-archive-1536x870.jpg 1536w\" sizes=\"(max-width: 1920px) 100vw, 1920px\" \/>\n            <\/div>\n        <\/div><div class=\"eael-entry-wrapper\"><header class=\"eael-entry-header\"><h2 class=\"eael-entry-title\"><a class=\"eael-grid-post-link\" href=\"https:\/\/turismomaestrazgo.org\/fr\/guerras-carlistas\/canada-de-benatanduz\/\" title=\"Ca\u00f1ada de Benatanduz\">Ca\u00f1ada de Benatanduz<\/a><\/h2><\/header><\/div><\/div>\n        <\/div>\n    <\/article><article class=\"eael-grid-post  eael-post-grid-column eael-pg-post-29084\" data-id=\"29084\">\n        <div class=\"eael-grid-post-holder\">\n            <div class=\"eael-grid-post-holder-inner\"><div class=\"eael-entry-media\"><div class=\"eael-entry-overlay fade-in\"><i class=\"fas fa-angle-right\" aria-hidden=\"true\"><\/i><a href=\"https:\/\/turismomaestrazgo.org\/fr\/guerras-carlistas\/cantavieja\/\"><\/a><\/div><div class=\"eael-entry-thumbnail eael-image-ratio\">\n                <img loading=\"lazy\" decoding=\"async\" width=\"1920\" height=\"1080\" src=\"https:\/\/turismomaestrazgo.org\/wp-content\/uploads\/2023\/02\/cantavieja-guerras-carlistas-archive.jpg\" class=\"attachment-full size-full wp-image-25805\" alt=\"Cantavieja Territoire des guerres carlistes\" srcset=\"https:\/\/turismomaestrazgo.org\/wp-content\/uploads\/2023\/02\/cantavieja-guerras-carlistas-archive.jpg 1920w, https:\/\/turismomaestrazgo.org\/wp-content\/uploads\/2023\/02\/cantavieja-guerras-carlistas-archive-300x169.jpg 300w, https:\/\/turismomaestrazgo.org\/wp-content\/uploads\/2023\/02\/cantavieja-guerras-carlistas-archive-1024x576.jpg 1024w, https:\/\/turismomaestrazgo.org\/wp-content\/uploads\/2023\/02\/cantavieja-guerras-carlistas-archive-768x432.jpg 768w, https:\/\/turismomaestrazgo.org\/wp-content\/uploads\/2023\/02\/cantavieja-guerras-carlistas-archive-1536x864.jpg 1536w\" sizes=\"(max-width: 1920px) 100vw, 1920px\" \/>\n            <\/div>\n        <\/div><div class=\"eael-entry-wrapper\"><header class=\"eael-entry-header\"><h2 class=\"eael-entry-title\"><a class=\"eael-grid-post-link\" href=\"https:\/\/turismomaestrazgo.org\/fr\/guerras-carlistas\/cantavieja\/\" title=\"Cantavieja\">Cantavieja<\/a><\/h2><\/header><\/div><\/div>\n        <\/div>\n    <\/article><article class=\"eael-grid-post  eael-post-grid-column eael-pg-post-29089\" data-id=\"29089\">\n        <div class=\"eael-grid-post-holder\">\n            <div class=\"eael-grid-post-holder-inner\"><div class=\"eael-entry-media\"><div class=\"eael-entry-overlay fade-in\"><i class=\"fas fa-angle-right\" aria-hidden=\"true\"><\/i><a href=\"https:\/\/turismomaestrazgo.org\/fr\/guerras-carlistas\/castellote\/\"><\/a><\/div><div class=\"eael-entry-thumbnail eael-image-ratio\">\n                <img loading=\"lazy\" decoding=\"async\" width=\"1920\" height=\"1080\" src=\"https:\/\/turismomaestrazgo.org\/wp-content\/uploads\/2023\/02\/castellote-guerras-carlistas-archive.jpg\" class=\"attachment-full size-full wp-image-25802\" alt=\"Castellote Territoire des guerres carlistes\" srcset=\"https:\/\/turismomaestrazgo.org\/wp-content\/uploads\/2023\/02\/castellote-guerras-carlistas-archive.jpg 1920w, https:\/\/turismomaestrazgo.org\/wp-content\/uploads\/2023\/02\/castellote-guerras-carlistas-archive-300x169.jpg 300w, https:\/\/turismomaestrazgo.org\/wp-content\/uploads\/2023\/02\/castellote-guerras-carlistas-archive-1024x576.jpg 1024w, https:\/\/turismomaestrazgo.org\/wp-content\/uploads\/2023\/02\/castellote-guerras-carlistas-archive-768x432.jpg 768w, https:\/\/turismomaestrazgo.org\/wp-content\/uploads\/2023\/02\/castellote-guerras-carlistas-archive-1536x864.jpg 1536w\" sizes=\"(max-width: 1920px) 100vw, 1920px\" \/>\n            <\/div>\n        <\/div><div class=\"eael-entry-wrapper\"><header class=\"eael-entry-header\"><h2 class=\"eael-entry-title\"><a class=\"eael-grid-post-link\" href=\"https:\/\/turismomaestrazgo.org\/fr\/guerras-carlistas\/castellote\/\" title=\"Castellote\">Castellote<\/a><\/h2><\/header><\/div><\/div>\n        <\/div>\n    <\/article><article class=\"eael-grid-post  eael-post-grid-column eael-pg-post-29087\" data-id=\"29087\">\n        <div class=\"eael-grid-post-holder\">\n            <div class=\"eael-grid-post-holder-inner\"><div class=\"eael-entry-media\"><div class=\"eael-entry-overlay fade-in\"><i class=\"fas fa-angle-right\" aria-hidden=\"true\"><\/i><a href=\"https:\/\/turismomaestrazgo.org\/fr\/guerras-carlistas\/cuba\/\"><\/a><\/div><div class=\"eael-entry-thumbnail eael-image-ratio\">\n                <img loading=\"lazy\" decoding=\"async\" width=\"1920\" height=\"1080\" src=\"https:\/\/turismomaestrazgo.org\/wp-content\/uploads\/2023\/02\/la-cuba-guerras-carlistas-archive.jpg\" class=\"attachment-full size-full wp-image-25793\" alt=\"La Cuba Territorio Guerras Carlistas (Territoire des guerres carlistes)\" srcset=\"https:\/\/turismomaestrazgo.org\/wp-content\/uploads\/2023\/02\/la-cuba-guerras-carlistas-archive.jpg 1920w, https:\/\/turismomaestrazgo.org\/wp-content\/uploads\/2023\/02\/la-cuba-guerras-carlistas-archive-300x169.jpg 300w, https:\/\/turismomaestrazgo.org\/wp-content\/uploads\/2023\/02\/la-cuba-guerras-carlistas-archive-1024x576.jpg 1024w, https:\/\/turismomaestrazgo.org\/wp-content\/uploads\/2023\/02\/la-cuba-guerras-carlistas-archive-768x432.jpg 768w, https:\/\/turismomaestrazgo.org\/wp-content\/uploads\/2023\/02\/la-cuba-guerras-carlistas-archive-1536x864.jpg 1536w\" sizes=\"(max-width: 1920px) 100vw, 1920px\" \/>\n            <\/div>\n        <\/div><div class=\"eael-entry-wrapper\"><header class=\"eael-entry-header\"><h2 class=\"eael-entry-title\"><a class=\"eael-grid-post-link\" href=\"https:\/\/turismomaestrazgo.org\/fr\/guerras-carlistas\/cuba\/\" title=\"Cuba\">Cuba<\/a><\/h2><\/header><\/div><\/div>\n        <\/div>\n    <\/article><article class=\"eael-grid-post  eael-post-grid-column eael-pg-post-29079\" data-id=\"29079\">\n        <div class=\"eael-grid-post-holder\">\n            <div class=\"eael-grid-post-holder-inner\"><div class=\"eael-entry-media\"><div class=\"eael-entry-overlay fade-in\"><i class=\"fas fa-angle-right\" aria-hidden=\"true\"><\/i><a href=\"https:\/\/turismomaestrazgo.org\/fr\/guerras-carlistas\/fortanete\/\"><\/a><\/div><div class=\"eael-entry-thumbnail eael-image-ratio\">\n                <img loading=\"lazy\" decoding=\"async\" width=\"1920\" height=\"1080\" src=\"https:\/\/turismomaestrazgo.org\/wp-content\/uploads\/2023\/02\/fortanete-guerras-carlistas-archive.jpg\" class=\"attachment-full size-full wp-image-25796\" alt=\"Fortanete Territorio Guerras Carlistas\" srcset=\"https:\/\/turismomaestrazgo.org\/wp-content\/uploads\/2023\/02\/fortanete-guerras-carlistas-archive.jpg 1920w, https:\/\/turismomaestrazgo.org\/wp-content\/uploads\/2023\/02\/fortanete-guerras-carlistas-archive-300x169.jpg 300w, https:\/\/turismomaestrazgo.org\/wp-content\/uploads\/2023\/02\/fortanete-guerras-carlistas-archive-1024x576.jpg 1024w, https:\/\/turismomaestrazgo.org\/wp-content\/uploads\/2023\/02\/fortanete-guerras-carlistas-archive-768x432.jpg 768w, https:\/\/turismomaestrazgo.org\/wp-content\/uploads\/2023\/02\/fortanete-guerras-carlistas-archive-1536x864.jpg 1536w\" sizes=\"(max-width: 1920px) 100vw, 1920px\" \/>\n            <\/div>\n        <\/div><div class=\"eael-entry-wrapper\"><header class=\"eael-entry-header\"><h2 class=\"eael-entry-title\"><a class=\"eael-grid-post-link\" href=\"https:\/\/turismomaestrazgo.org\/fr\/guerras-carlistas\/fortanete\/\" title=\"Fortanete\">Fortanete<\/a><\/h2><\/header><\/div><\/div>\n        <\/div>\n    <\/article><article class=\"eael-grid-post  eael-post-grid-column eael-pg-post-29094\" data-id=\"29094\">\n        <div class=\"eael-grid-post-holder\">\n            <div class=\"eael-grid-post-holder-inner\"><div class=\"eael-entry-media\"><div class=\"eael-entry-overlay fade-in\"><i class=\"fas fa-angle-right\" aria-hidden=\"true\"><\/i><a href=\"https:\/\/turismomaestrazgo.org\/fr\/guerras-carlistas\/grottes-de-canart\/\"><\/a><\/div><div class=\"eael-entry-thumbnail eael-image-ratio\">\n                <img loading=\"lazy\" decoding=\"async\" width=\"2560\" height=\"1707\" src=\"https:\/\/turismomaestrazgo.org\/wp-content\/uploads\/2023\/02\/cuevas-de-canart-guerras-carlistas-archive-scaled.jpg\" class=\"attachment-full size-full wp-image-25799\" alt=\"Cuevas de Ca\u00f1art Territoire des guerres carlistes\" srcset=\"https:\/\/turismomaestrazgo.org\/wp-content\/uploads\/2023\/02\/cuevas-de-canart-guerras-carlistas-archive-scaled.jpg 2560w, https:\/\/turismomaestrazgo.org\/wp-content\/uploads\/2023\/02\/cuevas-de-canart-guerras-carlistas-archive-300x200.jpg 300w, https:\/\/turismomaestrazgo.org\/wp-content\/uploads\/2023\/02\/cuevas-de-canart-guerras-carlistas-archive-1024x683.jpg 1024w, https:\/\/turismomaestrazgo.org\/wp-content\/uploads\/2023\/02\/cuevas-de-canart-guerras-carlistas-archive-768x512.jpg 768w, https:\/\/turismomaestrazgo.org\/wp-content\/uploads\/2023\/02\/cuevas-de-canart-guerras-carlistas-archive-1536x1024.jpg 1536w, https:\/\/turismomaestrazgo.org\/wp-content\/uploads\/2023\/02\/cuevas-de-canart-guerras-carlistas-archive-2048x1365.jpg 2048w\" sizes=\"(max-width: 2560px) 100vw, 2560px\" \/>\n            <\/div>\n        <\/div><div class=\"eael-entry-wrapper\"><header class=\"eael-entry-header\"><h2 class=\"eael-entry-title\"><a class=\"eael-grid-post-link\" href=\"https:\/\/turismomaestrazgo.org\/fr\/guerras-carlistas\/grottes-de-canart\/\" title=\"Grottes de Ca\u00f1art\">Grottes de Ca\u00f1art<\/a><\/h2><\/header><\/div><\/div>\n        <\/div>\n    <\/article><article class=\"eael-grid-post  eael-post-grid-column eael-pg-post-29075\" data-id=\"29075\">\n        <div class=\"eael-grid-post-holder\">\n            <div class=\"eael-grid-post-holder-inner\"><div class=\"eael-entry-media\"><div class=\"eael-entry-overlay fade-in\"><i class=\"fas fa-angle-right\" aria-hidden=\"true\"><\/i><a href=\"https:\/\/turismomaestrazgo.org\/fr\/guerras-carlistas\/la-iglesuela-del-cid\/\"><\/a><\/div><div class=\"eael-entry-thumbnail eael-image-ratio\">\n                <img loading=\"lazy\" decoding=\"async\" width=\"1980\" height=\"1080\" src=\"https:\/\/turismomaestrazgo.org\/wp-content\/uploads\/2023\/02\/la-iglesuela-guerras-carlistas-archive.jpg\" class=\"attachment-full size-full wp-image-25790\" alt=\"La Iglesuela Territoire des guerres carlistes\" srcset=\"https:\/\/turismomaestrazgo.org\/wp-content\/uploads\/2023\/02\/la-iglesuela-guerras-carlistas-archive.jpg 1980w, https:\/\/turismomaestrazgo.org\/wp-content\/uploads\/2023\/02\/la-iglesuela-guerras-carlistas-archive-300x164.jpg 300w, https:\/\/turismomaestrazgo.org\/wp-content\/uploads\/2023\/02\/la-iglesuela-guerras-carlistas-archive-1024x559.jpg 1024w, https:\/\/turismomaestrazgo.org\/wp-content\/uploads\/2023\/02\/la-iglesuela-guerras-carlistas-archive-768x419.jpg 768w, https:\/\/turismomaestrazgo.org\/wp-content\/uploads\/2023\/02\/la-iglesuela-guerras-carlistas-archive-1536x838.jpg 1536w\" sizes=\"(max-width: 1980px) 100vw, 1980px\" \/>\n            <\/div>\n        <\/div><div class=\"eael-entry-wrapper\"><header class=\"eael-entry-header\"><h2 class=\"eael-entry-title\"><a class=\"eael-grid-post-link\" href=\"https:\/\/turismomaestrazgo.org\/fr\/guerras-carlistas\/la-iglesuela-del-cid\/\" title=\"La Iglesuela del Cid\">La Iglesuela del Cid<\/a><\/h2><\/header><\/div><\/div>\n        <\/div>\n    <\/article><article class=\"eael-grid-post  eael-post-grid-column eael-pg-post-29085\" data-id=\"29085\">\n        <div class=\"eael-grid-post-holder\">\n            <div class=\"eael-grid-post-holder-inner\"><div class=\"eael-entry-media\"><div class=\"eael-entry-overlay fade-in\"><i class=\"fas fa-angle-right\" aria-hidden=\"true\"><\/i><a href=\"https:\/\/turismomaestrazgo.org\/fr\/guerras-carlistas\/mills\/\"><\/a><\/div><div class=\"eael-entry-thumbnail eael-image-ratio\">\n                <img loading=\"lazy\" decoding=\"async\" width=\"1980\" height=\"1080\" src=\"https:\/\/turismomaestrazgo.org\/wp-content\/uploads\/2023\/02\/molinos-guerras-carlistas-archive.jpg\" class=\"attachment-full size-full wp-image-25781\" alt=\"Mills Territoire des guerres carlistes\" srcset=\"https:\/\/turismomaestrazgo.org\/wp-content\/uploads\/2023\/02\/molinos-guerras-carlistas-archive.jpg 1980w, https:\/\/turismomaestrazgo.org\/wp-content\/uploads\/2023\/02\/molinos-guerras-carlistas-archive-300x164.jpg 300w, https:\/\/turismomaestrazgo.org\/wp-content\/uploads\/2023\/02\/molinos-guerras-carlistas-archive-1024x559.jpg 1024w, https:\/\/turismomaestrazgo.org\/wp-content\/uploads\/2023\/02\/molinos-guerras-carlistas-archive-768x419.jpg 768w, https:\/\/turismomaestrazgo.org\/wp-content\/uploads\/2023\/02\/molinos-guerras-carlistas-archive-1536x838.jpg 1536w\" sizes=\"(max-width: 1980px) 100vw, 1980px\" \/>\n            <\/div>\n        <\/div><div class=\"eael-entry-wrapper\"><header class=\"eael-entry-header\"><h2 class=\"eael-entry-title\"><a class=\"eael-grid-post-link\" href=\"https:\/\/turismomaestrazgo.org\/fr\/guerras-carlistas\/mills\/\" title=\"Mills\">Mills<\/a><\/h2><\/header><\/div><\/div>\n        <\/div>\n    <\/article><article class=\"eael-grid-post  eael-post-grid-column eael-pg-post-29091\" data-id=\"29091\">\n        <div class=\"eael-grid-post-holder\">\n            <div class=\"eael-grid-post-holder-inner\"><div class=\"eael-entry-media\"><div class=\"eael-entry-overlay fade-in\"><i class=\"fas fa-angle-right\" aria-hidden=\"true\"><\/i><a href=\"https:\/\/turismomaestrazgo.org\/fr\/guerras-carlistas\/mirambel\/\"><\/a><\/div><div class=\"eael-entry-thumbnail eael-image-ratio\">\n                <img loading=\"lazy\" decoding=\"async\" width=\"1980\" height=\"1090\" src=\"https:\/\/turismomaestrazgo.org\/wp-content\/uploads\/2023\/02\/mirambel-guerras-carlistas-archive.jpg\" class=\"attachment-full size-full wp-image-25787\" alt=\"MIrambel Territoire des guerres carlistes\" srcset=\"https:\/\/turismomaestrazgo.org\/wp-content\/uploads\/2023\/02\/mirambel-guerras-carlistas-archive.jpg 1980w, https:\/\/turismomaestrazgo.org\/wp-content\/uploads\/2023\/02\/mirambel-guerras-carlistas-archive-300x165.jpg 300w, https:\/\/turismomaestrazgo.org\/wp-content\/uploads\/2023\/02\/mirambel-guerras-carlistas-archive-1024x564.jpg 1024w, https:\/\/turismomaestrazgo.org\/wp-content\/uploads\/2023\/02\/mirambel-guerras-carlistas-archive-768x423.jpg 768w, https:\/\/turismomaestrazgo.org\/wp-content\/uploads\/2023\/02\/mirambel-guerras-carlistas-archive-1536x846.jpg 1536w\" sizes=\"(max-width: 1980px) 100vw, 1980px\" \/>\n            <\/div>\n        <\/div><div class=\"eael-entry-wrapper\"><header class=\"eael-entry-header\"><h2 class=\"eael-entry-title\"><a class=\"eael-grid-post-link\" href=\"https:\/\/turismomaestrazgo.org\/fr\/guerras-carlistas\/mirambel\/\" title=\"Mirambel\">Mirambel<\/a><\/h2><\/header><\/div><\/div>\n        <\/div>\n    <\/article><article class=\"eael-grid-post  eael-post-grid-column eael-pg-post-29077\" data-id=\"29077\">\n        <div class=\"eael-grid-post-holder\">\n            <div class=\"eael-grid-post-holder-inner\"><div class=\"eael-entry-media\"><div class=\"eael-entry-overlay fade-in\"><i class=\"fas fa-angle-right\" aria-hidden=\"true\"><\/i><a href=\"https:\/\/turismomaestrazgo.org\/fr\/guerras-carlistas\/miravete-de-la-sierra\/\"><\/a><\/div><div class=\"eael-entry-thumbnail eael-image-ratio\">\n                <img loading=\"lazy\" decoding=\"async\" width=\"1980\" height=\"1118\" src=\"https:\/\/turismomaestrazgo.org\/wp-content\/uploads\/2023\/02\/miravete-guerras-carlistas-archive.jpg\" class=\"attachment-full size-full wp-image-25784\" alt=\"Miravete Territoire des guerres carlistes\" srcset=\"https:\/\/turismomaestrazgo.org\/wp-content\/uploads\/2023\/02\/miravete-guerras-carlistas-archive.jpg 1980w, https:\/\/turismomaestrazgo.org\/wp-content\/uploads\/2023\/02\/miravete-guerras-carlistas-archive-300x169.jpg 300w, https:\/\/turismomaestrazgo.org\/wp-content\/uploads\/2023\/02\/miravete-guerras-carlistas-archive-1024x578.jpg 1024w, https:\/\/turismomaestrazgo.org\/wp-content\/uploads\/2023\/02\/miravete-guerras-carlistas-archive-768x434.jpg 768w, https:\/\/turismomaestrazgo.org\/wp-content\/uploads\/2023\/02\/miravete-guerras-carlistas-archive-1536x867.jpg 1536w\" sizes=\"(max-width: 1980px) 100vw, 1980px\" \/>\n            <\/div>\n        <\/div><div class=\"eael-entry-wrapper\"><header class=\"eael-entry-header\"><h2 class=\"eael-entry-title\"><a class=\"eael-grid-post-link\" href=\"https:\/\/turismomaestrazgo.org\/fr\/guerras-carlistas\/miravete-de-la-sierra\/\" title=\"Miravete de la Sierra\">Miravete de la Sierra<\/a><\/h2><\/header><\/div><\/div>\n        <\/div>\n    <\/article><article class=\"eael-grid-post  eael-post-grid-column eael-pg-post-29081\" data-id=\"29081\">\n        <div class=\"eael-grid-post-holder\">\n            <div class=\"eael-grid-post-holder-inner\"><div class=\"eael-entry-media\"><div class=\"eael-entry-overlay fade-in\"><i class=\"fas fa-angle-right\" aria-hidden=\"true\"><\/i><a href=\"https:\/\/turismomaestrazgo.org\/fr\/guerras-carlistas\/pitarque\/\"><\/a><\/div><div class=\"eael-entry-thumbnail eael-image-ratio\">\n                <img loading=\"lazy\" decoding=\"async\" width=\"1920\" height=\"1080\" src=\"https:\/\/turismomaestrazgo.org\/wp-content\/uploads\/2023\/02\/pitarque-guerras-carlistas-archive.jpg\" class=\"attachment-full size-full wp-image-25778\" alt=\"Pitarque Territoire des guerres carlistes\" srcset=\"https:\/\/turismomaestrazgo.org\/wp-content\/uploads\/2023\/02\/pitarque-guerras-carlistas-archive.jpg 1920w, https:\/\/turismomaestrazgo.org\/wp-content\/uploads\/2023\/02\/pitarque-guerras-carlistas-archive-300x169.jpg 300w, https:\/\/turismomaestrazgo.org\/wp-content\/uploads\/2023\/02\/pitarque-guerras-carlistas-archive-1024x576.jpg 1024w, https:\/\/turismomaestrazgo.org\/wp-content\/uploads\/2023\/02\/pitarque-guerras-carlistas-archive-768x432.jpg 768w, https:\/\/turismomaestrazgo.org\/wp-content\/uploads\/2023\/02\/pitarque-guerras-carlistas-archive-1536x864.jpg 1536w\" sizes=\"(max-width: 1920px) 100vw, 1920px\" \/>\n            <\/div>\n        <\/div><div class=\"eael-entry-wrapper\"><header class=\"eael-entry-header\"><h2 class=\"eael-entry-title\"><a class=\"eael-grid-post-link\" href=\"https:\/\/turismomaestrazgo.org\/fr\/guerras-carlistas\/pitarque\/\" title=\"Pitarque\">Pitarque<\/a><\/h2><\/header><\/div><\/div>\n        <\/div>\n    <\/article><article class=\"eael-grid-post  eael-post-grid-column eael-pg-post-29080\" data-id=\"29080\">\n        <div class=\"eael-grid-post-holder\">\n            <div class=\"eael-grid-post-holder-inner\"><div class=\"eael-entry-media\"><div class=\"eael-entry-overlay fade-in\"><i class=\"fas fa-angle-right\" aria-hidden=\"true\"><\/i><a href=\"https:\/\/turismomaestrazgo.org\/fr\/guerras-carlistas\/tronchon\/\"><\/a><\/div><div class=\"eael-entry-thumbnail eael-image-ratio\">\n                <img loading=\"lazy\" decoding=\"async\" width=\"1920\" height=\"1080\" src=\"https:\/\/turismomaestrazgo.org\/wp-content\/uploads\/2023\/02\/tronchon-guerras-carlistas-archive.jpg\" class=\"attachment-full size-full wp-image-25775\" alt=\"Tronchon Territoire des guerres carlistes\" srcset=\"https:\/\/turismomaestrazgo.org\/wp-content\/uploads\/2023\/02\/tronchon-guerras-carlistas-archive.jpg 1920w, https:\/\/turismomaestrazgo.org\/wp-content\/uploads\/2023\/02\/tronchon-guerras-carlistas-archive-300x169.jpg 300w, https:\/\/turismomaestrazgo.org\/wp-content\/uploads\/2023\/02\/tronchon-guerras-carlistas-archive-1024x576.jpg 1024w, https:\/\/turismomaestrazgo.org\/wp-content\/uploads\/2023\/02\/tronchon-guerras-carlistas-archive-768x432.jpg 768w, https:\/\/turismomaestrazgo.org\/wp-content\/uploads\/2023\/02\/tronchon-guerras-carlistas-archive-1536x864.jpg 1536w\" sizes=\"(max-width: 1920px) 100vw, 1920px\" \/>\n            <\/div>\n        <\/div><div class=\"eael-entry-wrapper\"><header class=\"eael-entry-header\"><h2 class=\"eael-entry-title\"><a class=\"eael-grid-post-link\" href=\"https:\/\/turismomaestrazgo.org\/fr\/guerras-carlistas\/tronchon\/\" title=\"Tronch\u00f3n\">Tronch\u00f3n<\/a><\/h2><\/header><\/div><\/div>\n        <\/div>\n    <\/article><article class=\"eael-grid-post  eael-post-grid-column eael-pg-post-29097\" data-id=\"29097\">\n        <div class=\"eael-grid-post-holder\">\n            <div class=\"eael-grid-post-holder-inner\"><div class=\"eael-entry-media\"><div class=\"eael-entry-overlay fade-in\"><i class=\"fas fa-angle-right\" aria-hidden=\"true\"><\/i><a href=\"https:\/\/turismomaestrazgo.org\/fr\/guerras-carlistas\/villarluengo\/\"><\/a><\/div><div class=\"eael-entry-thumbnail eael-image-ratio\">\n                <img loading=\"lazy\" decoding=\"async\" width=\"1980\" height=\"1080\" src=\"https:\/\/turismomaestrazgo.org\/wp-content\/uploads\/2023\/02\/villarluengo-guerras-carlistas-archive.jpg\" class=\"attachment-full size-full wp-image-25772\" alt=\"Villarluengo Territoire des guerres carlistes\" srcset=\"https:\/\/turismomaestrazgo.org\/wp-content\/uploads\/2023\/02\/villarluengo-guerras-carlistas-archive.jpg 1980w, https:\/\/turismomaestrazgo.org\/wp-content\/uploads\/2023\/02\/villarluengo-guerras-carlistas-archive-300x164.jpg 300w, https:\/\/turismomaestrazgo.org\/wp-content\/uploads\/2023\/02\/villarluengo-guerras-carlistas-archive-1024x559.jpg 1024w, https:\/\/turismomaestrazgo.org\/wp-content\/uploads\/2023\/02\/villarluengo-guerras-carlistas-archive-768x419.jpg 768w, https:\/\/turismomaestrazgo.org\/wp-content\/uploads\/2023\/02\/villarluengo-guerras-carlistas-archive-1536x838.jpg 1536w\" sizes=\"(max-width: 1980px) 100vw, 1980px\" \/>\n            <\/div>\n        <\/div><div class=\"eael-entry-wrapper\"><header class=\"eael-entry-header\"><h2 class=\"eael-entry-title\"><a class=\"eael-grid-post-link\" href=\"https:\/\/turismomaestrazgo.org\/fr\/guerras-carlistas\/villarluengo\/\" title=\"Villarluengo\">Villarluengo<\/a><\/h2><\/header><\/div><\/div>\n        <\/div>\n    <\/article><article class=\"eael-grid-post  eael-post-grid-column eael-pg-post-29088\" data-id=\"29088\">\n        <div class=\"eael-grid-post-holder\">\n            <div class=\"eael-grid-post-holder-inner\"><div class=\"eael-entry-media\"><div class=\"eael-entry-overlay fade-in\"><i class=\"fas fa-angle-right\" aria-hidden=\"true\"><\/i><a href=\"https:\/\/turismomaestrazgo.org\/fr\/guerras-carlistas\/villarroya-de-los-pinares\/\"><\/a><\/div><div class=\"eael-entry-thumbnail eael-image-ratio\">\n                <img loading=\"lazy\" decoding=\"async\" width=\"1980\" height=\"1080\" src=\"https:\/\/turismomaestrazgo.org\/wp-content\/uploads\/2023\/02\/villarroyapi-guerras-carlistas-archive.jpg\" class=\"attachment-full size-full wp-image-25769\" alt=\"Villarroya de los Pinares Territoire des guerres carlistes\" srcset=\"https:\/\/turismomaestrazgo.org\/wp-content\/uploads\/2023\/02\/villarroyapi-guerras-carlistas-archive.jpg 1980w, https:\/\/turismomaestrazgo.org\/wp-content\/uploads\/2023\/02\/villarroyapi-guerras-carlistas-archive-300x164.jpg 300w, https:\/\/turismomaestrazgo.org\/wp-content\/uploads\/2023\/02\/villarroyapi-guerras-carlistas-archive-1024x559.jpg 1024w, https:\/\/turismomaestrazgo.org\/wp-content\/uploads\/2023\/02\/villarroyapi-guerras-carlistas-archive-768x419.jpg 768w, https:\/\/turismomaestrazgo.org\/wp-content\/uploads\/2023\/02\/villarroyapi-guerras-carlistas-archive-1536x838.jpg 1536w\" sizes=\"(max-width: 1980px) 100vw, 1980px\" \/>\n            <\/div>\n        <\/div><div class=\"eael-entry-wrapper\"><header class=\"eael-entry-header\"><h2 class=\"eael-entry-title\"><a class=\"eael-grid-post-link\" href=\"https:\/\/turismomaestrazgo.org\/fr\/guerras-carlistas\/villarroya-de-los-pinares\/\" title=\"Villarroya de los Pinares\">Villarroya de los Pinares<\/a><\/h2><\/header><\/div><\/div>\n        <\/div>\n    <\/article><\/div>\n            <div class=\"clearfix\"><\/div>\n        <\/div>\t\t\t\t<\/div>\n\t\t\t\t<\/div>\n\t\t\t\t\t<\/div>\n\t\t<\/div>\n\t\t\t\t\t<\/div>\n\t\t<\/section>\n\t\t\t\t<\/div>\n\t\t","protected":false},"excerpt":{"rendered":"<p>Territorio Guerras Carlistas : accueil | Les villages Les villages Territoire des guerres carlistes Allepuz Bord\u00f3n Ca\u00f1ada de Benatanduz Cantavieja Castellote Cuevas de Ca\u00f1art Fortanete La Cuba La Iglesuela del [&hellip;]<\/p>\n","protected":false},"author":2,"featured_media":0,"parent":0,"menu_order":0,"comment_status":"closed","ping_status":"closed","template":"","meta":{"_acf_changed":false,"_EventAllDay":false,"_EventTimezone":"","_EventStartDate":"","_EventEndDate":"","_EventStartDateUTC":"","_EventEndDateUTC":"","_EventShowMap":false,"_EventShowMapLink":false,"_EventURL":"","_EventCost":"","_EventCostDescription":"","_EventCurrencySymbol":"","_EventCurrencyCode":"","_EventCurrencyPosition":"","_EventDateTimeSeparator":"","_EventTimeRangeSeparator":"","_EventOrganizerID":[],"_EventVenueID":[],"_OrganizerEmail":"","_OrganizerPhone":"","_OrganizerWebsite":"","_VenueAddress":"","_VenueCity":"","_VenueCountry":"","_VenueProvince":"","_VenueState":"","_VenueZip":"","_VenuePhone":"","_VenueURL":"","_VenueStateProvince":"","_VenueLat":"","_VenueLng":"","_VenueShowMap":false,"_VenueShowMapLink":false,"footnotes":""},"class_list":["post-29151","page","type-page","status-publish","hentry"],"acf":[],"_links":{"self":[{"href":"https:\/\/turismomaestrazgo.org\/fr\/wp-json\/wp\/v2\/pages\/29151","targetHints":{"allow":["GET"]}}],"collection":[{"href":"https:\/\/turismomaestrazgo.org\/fr\/wp-json\/wp\/v2\/pages"}],"about":[{"href":"https:\/\/turismomaestrazgo.org\/fr\/wp-json\/wp\/v2\/types\/page"}],"author":[{"embeddable":true,"href":"https:\/\/turismomaestrazgo.org\/fr\/wp-json\/wp\/v2\/users\/2"}],"replies":[{"embeddable":true,"href":"https:\/\/turismomaestrazgo.org\/fr\/wp-json\/wp\/v2\/comments?post=29151"}],"version-history":[{"count":0,"href":"https:\/\/turismomaestrazgo.org\/fr\/wp-json\/wp\/v2\/pages\/29151\/revisions"}],"wp:attachment":[{"href":"https:\/\/turismomaestrazgo.org\/fr\/wp-json\/wp\/v2\/media?parent=29151"}],"curies":[{"name":"wp","href":"https:\/\/api.w.org\/{rel}","templated":true}]}}