{"id":18923,"date":"2021-06-25T08:43:41","date_gmt":"2021-06-25T08:43:41","guid":{"rendered":"https:\/\/turismomaestrazgo.org\/evento\/projet-artech\/"},"modified":"2022-08-03T14:39:59","modified_gmt":"2022-08-03T14:39:59","slug":"projet-artech","status":"publish","type":"tribe_events","link":"https:\/\/turismomaestrazgo.org\/fr\/evento\/projet-artech\/","title":{"rendered":"Projet ARTECH"},"content":{"rendered":"<div  class=\"tribe-events-schedule tribe-clearfix\" >\n\t<p class=\"tribe-events-schedule__datetime\">\n\t\t<span class=\"tribe-events-schedule__date tribe-events-schedule__date--start\">\n\t\t\t12 juillet 2021\t\t<\/span>\n\n\t\t\t\t\t<span class=\"tribe-events-schedule__separator tribe-events-schedule__separator--date\">\n\t\t\t\t | \t\t\t<\/span>\n\t\t\t<span class=\"tribe-events-schedule__time tribe-events-schedule__time--start\">\n\t\t\t\t2h00\t\t\t<\/span>\n\t\t\n\t\t\t\t\t\t\t\t\t<span class=\"tribe-events-schedule__separator tribe-events-schedule__separator--time\">\n\t\t\t\t\t &#8211; \t\t\t\t<\/span>\n\t\t\t\n\t\t\t\t\t\t\t<span class=\"tribe-events-schedule__date tribe-events-schedule__date--end\">\n\t\t\t\t\t18 juillet 2021\t\t\t\t<\/span>\n\n\t\t\t\t\t\t\t\t\t<span class=\"tribe-events-schedule__separator tribe-events-schedule__separator--date\">\n\t\t\t\t\t\t | \t\t\t\t\t<\/span>\n\t\t\t\t\t<span class=\"tribe-events-schedule__time tribe-events-schedule__time--end\">\n\t\t\t\t\t\t2h00\t\t\t\t\t<\/span>\n\t\t\t\t\n\t\t\t\n\t\t\t\t\t\t<\/p>\n<\/div>\n<div  class=\"tribe-block tribe-block__venue tribe-clearfix\" >\n\t\n\t\n<div class=\"tribe-block__venue__meta\">\n\t<div class=\"tribe-block__venue__name\">\n\t\t<h3>R\u00e9gion du Maestrazgo (Cantavieja- Teruel)<\/h3>\n\t<\/div>\n\n\t\n\t\t\t\n\t\t\n\t\t\t\n\t<\/div>\n\t\n\t<\/div>\n\n<p>ARTECH (Arts, Red\u00e9couverte, Tradition, Eclectique, Contemporain et Patrimoine) est un projet de CREATIVE EUROPE. Il est dirig\u00e9 par un partenaire roumain, Transilvania Trust, et nous faisons partie de la Comarca del Maestrazgo avec deux autres partenaires : la Fondation Girokastra (Albanie) et le Festival Archikids (Ukraine).<br\/>Les objectifs sont de d\u00e9velopper et de promouvoir le patrimoine europ\u00e9en et la diversit\u00e9 culturelle de mani\u00e8re cr\u00e9ative et collaborative par le biais de pratiques transsectorielles et innovantes ; la red\u00e9couverte de th\u00e8mes et de formes traditionnelles d&#8217;expression cr\u00e9ative et artistique comme source d&#8217;inspiration pour les jeunes artistes et cr\u00e9ateurs dans le contexte multiculturel ; et d&#8217;assurer la mobilit\u00e9 transnationale des op\u00e9rateurs culturels, des artistes, des artisans, des cr\u00e9ateurs et des cin\u00e9astes ; une meilleure compr\u00e9hension de la diversit\u00e9 culturelle et de l&#8217;inclusion sociale.<br\/>Le s\u00e9jour cr\u00e9atif s&#8217;adressera aux jeunes artistes et concepteurs int\u00e9ress\u00e9s par l&#8217;art communautaire en milieu rural et la mise en valeur du patrimoine culturel.<\/p>\n\n<p><br\/><strong>Pour plus d&#8217;informations :<\/strong><br\/>R\u00e9gion du Maestrazgo (Cantavieja- Teruel)<br\/><a href=\"mailto:patrimonio@comarcamaestrazgo.org\">patrimonio@comarcamaestrazgo.org<\/a><\/p>\n\n<p><a href=\"https:\/\/museovirtualmaestrazgo.com\/wp-content\/uploads\/2021\/06\/convocatoria_artech_cantavieja.pdf\" target=\"_blank\" rel=\"noreferrer noopener\">Appel \u00e0 candidatures ARTECH R\u00e9sidence artistique Cantavieja<\/a><br\/><a href=\"https:\/\/museovirtualmaestrazgo.com\/wp-content\/uploads\/2021\/06\/formulario_registro_artech_cantavieja.pdf\" target=\"_blank\" rel=\"noreferrer noopener\">Formulaire d&#8217;inscription<\/a><\/p>\n\n<p><\/p>\n\n<figure class=\"wp-block-image size-large\"><img fetchpriority=\"high\" decoding=\"async\" width=\"724\" height=\"1024\" src=\"https:\/\/turismomaestrazgo.org\/wp-content\/uploads\/2021\/06\/cartel_artech_cantavieja_esp-min-1-724x1024.jpg\" alt=\"\" class=\"wp-image-17713\" srcset=\"https:\/\/turismomaestrazgo.org\/wp-content\/uploads\/2021\/06\/cartel_artech_cantavieja_esp-min-1-724x1024.jpg 724w, https:\/\/turismomaestrazgo.org\/wp-content\/uploads\/2021\/06\/cartel_artech_cantavieja_esp-min-1-212x300.jpg 212w, https:\/\/turismomaestrazgo.org\/wp-content\/uploads\/2021\/06\/cartel_artech_cantavieja_esp-min-1-768x1086.jpg 768w, https:\/\/turismomaestrazgo.org\/wp-content\/uploads\/2021\/06\/cartel_artech_cantavieja_esp-min-1-1086x1536.jpg 1086w, https:\/\/turismomaestrazgo.org\/wp-content\/uploads\/2021\/06\/cartel_artech_cantavieja_esp-min-1-1448x2048.jpg 1448w, https:\/\/turismomaestrazgo.org\/wp-content\/uploads\/2021\/06\/cartel_artech_cantavieja_esp-min-1.jpg 1754w\" sizes=\"(max-width: 724px) 100vw, 724px\" \/><\/figure><div  class=\"tribe-block tribe-block__event-price\" >\n\t\t<\/div>\n\t<div  class=\"tribe-block tribe-block__events-link\" >\n\t\t<div class=\"tribe-events tribe-common\">\n\t\t\t<div class=\"tribe-events-c-subscribe-dropdown__container\">\n\t\t\t\t<div class=\"tribe-events-c-subscribe-dropdown\">\n\t\t\t\t\t<div class=\"tribe-common-c-btn-border tribe-events-c-subscribe-dropdown__button\">\n\t\t\t\t\t\t<svg\n\t class=\"tribe-common-c-svgicon tribe-common-c-svgicon--cal-export tribe-events-c-subscribe-dropdown__export-icon\" \taria-hidden=\"true\"\n\tviewBox=\"0 0 23 17\"\n\txmlns=\"http:\/\/www.w3.org\/2000\/svg\"\n>\n\t<path fill-rule=\"evenodd\" clip-rule=\"evenodd\" d=\"M.128.896V16.13c0 .211.145.383.323.383h15.354c.179 0 .323-.172.323-.383V.896c0-.212-.144-.383-.323-.383H.451C.273.513.128.684.128.896Zm16 6.742h-.901V4.679H1.009v10.729h14.218v-3.336h.901V7.638ZM1.01 1.614h14.218v2.058H1.009V1.614Z\" \/>\n\t<path d=\"M20.5 9.846H8.312M18.524 6.953l2.89 2.909-2.855 2.855\" stroke-width=\"1.2\" stroke-linecap=\"round\" stroke-linejoin=\"round\"\/>\n<\/svg>\n\t\t\t\t\t\t<button\n\t\t\t\t\t\t\tclass=\"tribe-events-c-subscribe-dropdown__button-text\"\n\t\t\t\t\t\t\taria-expanded=\"false\"\n\t\t\t\t\t\t\taria-controls=\"tribe-events-subscribe-dropdown-content\"\n\t\t\t\t\t\t\taria-label=\"Afficher les liens permettant d\u2019ajouter des \u00e9v\u00e8nements \u00e0 votre calendrier\"\n\t\t\t\t\t\t>\n\t\t\t\t\t\t\tAjouter au calendrier\t\t\t\t\t\t<\/button>\n\t\t\t\t\t\t<svg\n\t class=\"tribe-common-c-svgicon tribe-common-c-svgicon--caret-down tribe-events-c-subscribe-dropdown__button-icon\" \taria-hidden=\"true\"\n\tviewBox=\"0 0 10 7\"\n\txmlns=\"http:\/\/www.w3.org\/2000\/svg\"\n>\n\t<path fill-rule=\"evenodd\" clip-rule=\"evenodd\" d=\"M1.008.609L5 4.6 8.992.61l.958.958L5 6.517.05 1.566l.958-.958z\" class=\"tribe-common-c-svgicon__svg-fill\"\/>\n<\/svg>\n\t\t\t\t\t<\/div>\n\t\t\t\t\t<div id=\"tribe-events-subscribe-dropdown-content\" class=\"tribe-events-c-subscribe-dropdown__content\">\n\t\t\t\t\t\t<ul class=\"tribe-events-c-subscribe-dropdown__list\">\n\t\t\t\t\t\t\t\t\t\t\t\t\t\t\t<li class=\"tribe-events-c-subscribe-dropdown__list-item tribe-events-c-subscribe-dropdown__list-item--gcal\">\n\t\t\t\t\t\t\t\t\t<a\n\t\t\t\t\t\t\t\t\t\thref=\"https:\/\/www.google.com\/calendar\/event?action=TEMPLATE&#038;dates=20210712T000000\/20210718T000000&#038;text=Projet%20ARTECH&#038;details=%3Cp%3EARTECH+%28Arts%2C+Red%C3%A9couverte%2C+Tradition%2C+Eclectique%2C+Contemporain+et+Patrimoine%29+est+un+projet+de+CREATIVE+EUROPE.+Il+est+dirig%C3%A9+par+un+partenaire+roumain%2C+Transilvania+Trust%2C+et+nous+faisons+partie+de+la+Comarca+del+Maestrazgo+avec+deux+autres+partenaires+%3A+la+Fondation+Girokastra+%28Albanie%29+et+le+Festival+Archikids+%28Ukraine%29.%3Cbr+%2F%3ELes+objectifs+sont+de+d%C3%A9velopper+et+de+promouvoir+le+patrimoine+europ%C3%A9en+et+la+diversit%C3%A9+culturelle+de+mani%C3%A8re+cr%C3%A9ative+et+collaborative+par+le+biais+de+pratiques+transsectorielles+et+innovantes+%3B+la+red%C3%A9couverte+de+th%C3%A8mes+et+de+formes+traditionnelles+d%27expression+cr%C3%A9ative+et+artistique+comme+source+d%27inspiration+pour+les+jeunes+artistes+et+cr%C3%A9ateurs+dans+le+contexte+multiculturel+%3B+et+d%27assurer+la+mobilit%C3%A9+transnationale+des+op%C3%A9rateurs+culturels%2C+des+artistes%2C+des+artisans%2C+des+cr%C3%A9ateurs+et+des+cin%C3%A9astes+%3B+une+meilleure+compr%C3%A9hension+de+la+diversit%C3%A9+culturelle+et+de+l%27inclusion+sociale.%3Cbr+%2F%3ELe+s%C3%A9jour+cr%C3%A9atif+s%27adressera+aux+jeunes+ar%3C%2Fp%3E%28Voir+toute+la+description+de+%C3%A9v%C3%A8nement+ici%C2%A0%3A+https%3A%2F%2Fturismomaestrazgo.org%2Ffr%2Fevento%2Fprojet-artech%2F%29&#038;location=R\u00e9gion%20du%20Maestrazgo%20(Cantavieja-%20Teruel)&#038;trp=false&#038;ctz=Europe\/Madrid&#038;sprop=website:https:\/\/turismomaestrazgo.org\/fr\/\"\n\t\t\t\t\t\t\t\t\t\tclass=\"tribe-events-c-subscribe-dropdown__list-item-link\"\n\t\t\t\t\t\t\t\t\t\ttarget=\"_blank\"\n\t\t\t\t\t\t\t\t\t\trel=\"noopener noreferrer nofollow noindex\"\n\t\t\t\t\t\t\t\t\t>\n\t\t\t\t\t\t\t\t\t\tGoogle Agenda\t\t\t\t\t\t\t\t\t<\/a>\n\t\t\t\t\t\t\t\t<\/li>\n\t\t\t\t\t\t\t\t\t\t\t\t\t\t\t<li class=\"tribe-events-c-subscribe-dropdown__list-item tribe-events-c-subscribe-dropdown__list-item--ical\">\n\t\t\t\t\t\t\t\t\t<a\n\t\t\t\t\t\t\t\t\t\thref=\"\"\n\t\t\t\t\t\t\t\t\t\tclass=\"tribe-events-c-subscribe-dropdown__list-item-link\"\n\t\t\t\t\t\t\t\t\t\ttarget=\"_blank\"\n\t\t\t\t\t\t\t\t\t\trel=\"noopener noreferrer nofollow noindex\"\n\t\t\t\t\t\t\t\t\t>\n\t\t\t\t\t\t\t\t\t\tiCalendar\t\t\t\t\t\t\t\t\t<\/a>\n\t\t\t\t\t\t\t\t<\/li>\n\t\t\t\t\t\t\t\t\t\t\t\t\t\t\t<li class=\"tribe-events-c-subscribe-dropdown__list-item tribe-events-c-subscribe-dropdown__list-item--outlook-365\">\n\t\t\t\t\t\t\t\t\t<a\n\t\t\t\t\t\t\t\t\t\thref=\"\"\n\t\t\t\t\t\t\t\t\t\tclass=\"tribe-events-c-subscribe-dropdown__list-item-link\"\n\t\t\t\t\t\t\t\t\t\ttarget=\"_blank\"\n\t\t\t\t\t\t\t\t\t\trel=\"noopener noreferrer nofollow noindex\"\n\t\t\t\t\t\t\t\t\t>\n\t\t\t\t\t\t\t\t\t\tOutlook 365\t\t\t\t\t\t\t\t\t<\/a>\n\t\t\t\t\t\t\t\t<\/li>\n\t\t\t\t\t\t\t\t\t\t\t\t\t\t\t<li class=\"tribe-events-c-subscribe-dropdown__list-item tribe-events-c-subscribe-dropdown__list-item--outlook-live\">\n\t\t\t\t\t\t\t\t\t<a\n\t\t\t\t\t\t\t\t\t\thref=\"\"\n\t\t\t\t\t\t\t\t\t\tclass=\"tribe-events-c-subscribe-dropdown__list-item-link\"\n\t\t\t\t\t\t\t\t\t\ttarget=\"_blank\"\n\t\t\t\t\t\t\t\t\t\trel=\"noopener noreferrer nofollow noindex\"\n\t\t\t\t\t\t\t\t\t>\n\t\t\t\t\t\t\t\t\t\tOutlook Live\t\t\t\t\t\t\t\t\t<\/a>\n\t\t\t\t\t\t\t\t<\/li>\n\t\t\t\t\t\t\t\t\t\t\t\t\t<\/ul>\n\t\t\t\t\t<\/div>\n\t\t\t\t<\/div>\n\t\t\t<\/div>\n\t\t<\/div>\n\t<\/div>\n\n","protected":false},"excerpt":{"rendered":"<p>ARTECH (Arts, Red\u00e9couverte, Tradition, Eclectique, Contemporain et Patrimoine) est un projet de CREATIVE EUROPE. Il est dirig\u00e9 par un partenaire roumain, Transilvania Trust, et nous faisons partie de la Comarca [&hellip;]<\/p>\n","protected":false},"author":2,"featured_media":17711,"template":"","meta":{"_acf_changed":false,"_EventAllDay":false,"_EventTimezone":"UTC+0","_EventStartDate":"2021-07-12 00:00:00","_EventEndDate":"2021-07-18 00:00:00","_EventStartDateUTC":"2021-07-12 00:00:00","_EventEndDateUTC":"2021-07-18 00:00:00","_EventShowMap":false,"_EventShowMapLink":false,"_EventURL":"","_EventCost":"","_EventCostDescription":"","_EventCurrencySymbol":"","_EventCurrencyCode":"","_EventCurrencyPosition":"","_EventDateTimeSeparator":"","_EventTimeRangeSeparator":"","_EventOrganizerID":[],"_EventVenueID":[18841],"_OrganizerEmail":"","_OrganizerPhone":"","_OrganizerWebsite":"","_VenueAddress":"","_VenueCity":"","_VenueCountry":"","_VenueProvince":"","_VenueState":"","_VenueZip":"","_VenuePhone":"","_VenueURL":"","_VenueStateProvince":"","_VenueLat":"","_VenueLng":"","_VenueShowMap":false,"_VenueShowMapLink":false,"_tribe_events_status":"","_tribe_events_status_reason":"","footnotes":""},"tags":[],"tribe_events_cat":[],"class_list":["post-18923","tribe_events","type-tribe_events","status-publish","has-post-thumbnail","hentry"],"acf":[],"_links":{"self":[{"href":"https:\/\/turismomaestrazgo.org\/fr\/wp-json\/wp\/v2\/tribe_events\/18923","targetHints":{"allow":["GET"]}}],"collection":[{"href":"https:\/\/turismomaestrazgo.org\/fr\/wp-json\/wp\/v2\/tribe_events"}],"about":[{"href":"https:\/\/turismomaestrazgo.org\/fr\/wp-json\/wp\/v2\/types\/tribe_events"}],"author":[{"embeddable":true,"href":"https:\/\/turismomaestrazgo.org\/fr\/wp-json\/wp\/v2\/users\/2"}],"version-history":[{"count":0,"href":"https:\/\/turismomaestrazgo.org\/fr\/wp-json\/wp\/v2\/tribe_events\/18923\/revisions"}],"wp:featuredmedia":[{"embeddable":true,"href":"https:\/\/turismomaestrazgo.org\/fr\/wp-json\/wp\/v2\/media\/17711"}],"wp:attachment":[{"href":"https:\/\/turismomaestrazgo.org\/fr\/wp-json\/wp\/v2\/media?parent=18923"}],"wp:term":[{"taxonomy":"post_tag","embeddable":true,"href":"https:\/\/turismomaestrazgo.org\/fr\/wp-json\/wp\/v2\/tags?post=18923"},{"taxonomy":"tribe_events_cat","embeddable":true,"href":"https:\/\/turismomaestrazgo.org\/fr\/wp-json\/wp\/v2\/tribe_events_cat?post=18923"}],"curies":[{"name":"wp","href":"https:\/\/api.w.org\/{rel}","templated":true}]}}