{"id":18958,"date":"2021-09-09T08:08:01","date_gmt":"2021-09-09T08:08:01","guid":{"rendered":"https:\/\/turismomaestrazgo.org\/evento\/les-quatre-saisons-de-vivaldi-camino-de-los-pilones\/"},"modified":"2022-08-03T14:43:28","modified_gmt":"2022-08-03T14:43:28","slug":"les-quatre-saisons-de-vivaldi-camino-de-los-pilones","status":"publish","type":"tribe_events","link":"https:\/\/turismomaestrazgo.org\/fr\/evento\/les-quatre-saisons-de-vivaldi-camino-de-los-pilones\/","title":{"rendered":"LES QUATRE SAISONS DE VIVALDI. CAMINO DE LOS PILONES."},"content":{"rendered":"<div  class=\"tribe-block tribe-block__venue tribe-clearfix\" >\n\t\n\t\t\n\t<\/div>\n<div  class=\"tribe-events-schedule tribe-clearfix\" >\n\t<p class=\"tribe-events-schedule__datetime\">\n\t\t<span class=\"tribe-events-schedule__date tribe-events-schedule__date--start\">\n\t\t\t11 septembre 2021\t\t<\/span>\n\n\t\t\t\t\t<span class=\"tribe-events-schedule__separator tribe-events-schedule__separator--date\">\n\t\t\t\t | \t\t\t<\/span>\n\t\t\t<span class=\"tribe-events-schedule__time tribe-events-schedule__time--start\">\n\t\t\t\t19h00\t\t\t<\/span>\n\t\t\n\t\t\t\t\t\t\t\t\t<span class=\"tribe-events-schedule__separator tribe-events-schedule__separator--time\">\n\t\t\t\t\t &#8211; \t\t\t\t<\/span>\n\t\t\t\n\t\t\t\t\t\t\t<span class=\"tribe-events-schedule__time tribe-events-schedule__time--end\">\n\t\t\t\t\t21h00\t\t\t\t<\/span>\n\t\t\t\n\t\t\t\t\t\t<\/p>\n<\/div>\n\n<p>\u00c0 17 h, vous aurez le plaisir de conna\u00eetre l&#8217;environnement du Camino de los Pilones avec Serafina Buj, de T-Gu\u00edo, entreprise de services touristiques et d&#8217;interpr\u00e9tation du patrimoine, qui vous expliquera les caract\u00e9ristiques des landes entre Villarroya et Allepuz, l&#8217;importance du chemin dans l&#8217;histoire, ses caract\u00e9ristiques, etc., et pour terminer, \u00e0 18 h, vous pourrez assister au concert &#8221; Les quatre saisons &#8221; de Vivaldi, interpr\u00e9t\u00e9 par un quatuor \u00e0 cordes et des solistes de clavecin de l&#8217;Orquesta L\u00edrica de Castell\u00f3n.<\/p>\n\n<p><a href=\"https:\/\/turismomaestrazgo.org\/wp-content\/uploads\/2021\/08\/Programas-conciertos-1.pdf\">Programme du concert<\/a><\/p>\n\n<p><a href=\"https:\/\/turismomaestrazgo.org\/wp-content\/uploads\/2021\/09\/Plano-con-logo.jpg\">Plan d&#8217;acc\u00e8s en voiture<\/a><\/p>\n\n<p><a href=\"https:\/\/turismomaestrazgo.org\/wp-content\/uploads\/2021\/09\/Recomendaciones-Camino-def.jpg\" target=\"_blank\" rel=\"noreferrer noopener\">Recommandations<\/a><\/p>\n\n<div class=\"wp-block-image\"><figure class=\"aligncenter size-large\"><img fetchpriority=\"high\" decoding=\"async\" width=\"1024\" height=\"768\" src=\"https:\/\/turismomaestrazgo.org\/wp-content\/uploads\/2021\/09\/IMG_20210906_182610-1024x768.jpg\" alt=\"&#xC9;tape Camino de los Pilones\" class=\"wp-image-17881\" srcset=\"https:\/\/turismomaestrazgo.org\/wp-content\/uploads\/2021\/09\/IMG_20210906_182610-1024x768.jpg 1024w, https:\/\/turismomaestrazgo.org\/wp-content\/uploads\/2021\/09\/IMG_20210906_182610-300x225.jpg 300w, https:\/\/turismomaestrazgo.org\/wp-content\/uploads\/2021\/09\/IMG_20210906_182610-768x576.jpg 768w, https:\/\/turismomaestrazgo.org\/wp-content\/uploads\/2021\/09\/IMG_20210906_182610-1536x1152.jpg 1536w, https:\/\/turismomaestrazgo.org\/wp-content\/uploads\/2021\/09\/IMG_20210906_182610-2048x1536.jpg 2048w\" sizes=\"(max-width: 1024px) 100vw, 1024px\" \/><figcaption>Espace de concert &#8220;Les Quatre Saisons&#8221; de Vivaldi dans le Camino de los Pilones<\/figcaption><\/figure><\/div>\n<div  class=\"tribe-block tribe-block__event-price\" >\n\t\t<\/div>\n\t<div  class=\"tribe-block tribe-block__events-link\" >\n\t\t<div class=\"tribe-events tribe-common\">\n\t\t\t<div class=\"tribe-events-c-subscribe-dropdown__container\">\n\t\t\t\t<div class=\"tribe-events-c-subscribe-dropdown\">\n\t\t\t\t\t<div class=\"tribe-common-c-btn-border tribe-events-c-subscribe-dropdown__button\">\n\t\t\t\t\t\t<svg\n\t class=\"tribe-common-c-svgicon tribe-common-c-svgicon--cal-export tribe-events-c-subscribe-dropdown__export-icon\" \taria-hidden=\"true\"\n\tviewBox=\"0 0 23 17\"\n\txmlns=\"http:\/\/www.w3.org\/2000\/svg\"\n>\n\t<path fill-rule=\"evenodd\" clip-rule=\"evenodd\" d=\"M.128.896V16.13c0 .211.145.383.323.383h15.354c.179 0 .323-.172.323-.383V.896c0-.212-.144-.383-.323-.383H.451C.273.513.128.684.128.896Zm16 6.742h-.901V4.679H1.009v10.729h14.218v-3.336h.901V7.638ZM1.01 1.614h14.218v2.058H1.009V1.614Z\" \/>\n\t<path d=\"M20.5 9.846H8.312M18.524 6.953l2.89 2.909-2.855 2.855\" stroke-width=\"1.2\" stroke-linecap=\"round\" stroke-linejoin=\"round\"\/>\n<\/svg>\n\t\t\t\t\t\t<button\n\t\t\t\t\t\t\tclass=\"tribe-events-c-subscribe-dropdown__button-text\"\n\t\t\t\t\t\t\taria-expanded=\"false\"\n\t\t\t\t\t\t\taria-controls=\"tribe-events-subscribe-dropdown-content\"\n\t\t\t\t\t\t\taria-label=\"Afficher les liens permettant d\u2019ajouter des \u00e9v\u00e8nements \u00e0 votre calendrier\"\n\t\t\t\t\t\t>\n\t\t\t\t\t\t\tAjouter au calendrier\t\t\t\t\t\t<\/button>\n\t\t\t\t\t\t<svg\n\t class=\"tribe-common-c-svgicon tribe-common-c-svgicon--caret-down tribe-events-c-subscribe-dropdown__button-icon\" \taria-hidden=\"true\"\n\tviewBox=\"0 0 10 7\"\n\txmlns=\"http:\/\/www.w3.org\/2000\/svg\"\n>\n\t<path fill-rule=\"evenodd\" clip-rule=\"evenodd\" d=\"M1.008.609L5 4.6 8.992.61l.958.958L5 6.517.05 1.566l.958-.958z\" class=\"tribe-common-c-svgicon__svg-fill\"\/>\n<\/svg>\n\t\t\t\t\t<\/div>\n\t\t\t\t\t<div id=\"tribe-events-subscribe-dropdown-content\" class=\"tribe-events-c-subscribe-dropdown__content\">\n\t\t\t\t\t\t<ul class=\"tribe-events-c-subscribe-dropdown__list\">\n\t\t\t\t\t\t\t\t\t\t\t\t\t\t\t<li class=\"tribe-events-c-subscribe-dropdown__list-item tribe-events-c-subscribe-dropdown__list-item--gcal\">\n\t\t\t\t\t\t\t\t\t<a\n\t\t\t\t\t\t\t\t\t\thref=\"https:\/\/www.google.com\/calendar\/event?action=TEMPLATE&#038;dates=20210911T170000\/20210911T190000&#038;text=LES%20QUATRE%20SAISONS%20DE%20VIVALDI.%20CAMINO%20DE%20LOS%20PILONES.&#038;details=%3Cp%3E%C3%80+17+h%2C+vous+aurez+le+plaisir+de+conna%C3%AEtre+l%27environnement+du+Camino+de+los+Pilones+avec+Serafina+Buj%2C+de+T-Gu%C3%ADo%2C+entreprise+de+services+touristiques+et+d%27interpr%C3%A9tation+du+patrimoine%2C+qui+vous+expliquera+les+caract%C3%A9ristiques+des+landes+entre+Villarroya+et+Allepuz%2C+l%27importance+du+chemin+dans+l%27histoire%2C+ses+caract%C3%A9ristiques%2C+etc.%2C+et+pour+terminer%2C+%C3%A0+18+h%2C+vous+pourrez+assister+au+concert+%22+Les+quatre+saisons+%22+de+Vivaldi%2C+interpr%C3%A9t%C3%A9+par+un+quatuor+%C3%A0+cordes+et+des+solistes+de+clavecin+de+l%27Orquesta+L%C3%ADrica+de+Castell%C3%B3n.%3C%2Fp%3E+%3Cp%3E%3Ca+href%3D%22https%3A%2F%2Fturismomaestrazgo.org%2Fwp-content%2Fuploads%2F2021%2F08%2FProgramas-conciertos-1.pdf%22%3EProgramme+du+concert%3C%2Fa%3E%3C%2Fp%3E+%3Cp%3E%3Ca+href%3D%22https%3A%2F%2Fturismomaestrazgo.org%2Fwp-content%2Fuploads%2F2021%2F09%2FPlano-con-logo.jpg%22%3EPlan+d%27acc%C3%A8s+en+voiture%3C%2Fa%3E%3C%2Fp%3E+%3Cp%3E%3Ca+href%3D%22https%3A%2F%2Fturismomaestrazgo.org%2Fwp-content%2Fuploads%2F2021%2F09%2FRecomendaciones-Camino-def.jpg%22+target%3D%22_blank%22+rel%3D%22noreferrer+noopener%22%3ERecommandations%3C%2Fa%3E%3C%2Fp%3E+%3Cdiv+class%3D%22wp-block-image%22%28Voir+toute+la+description+de+%C3%A9v%C3%A8nement+ici%C2%A0%3A+https%3A%2F%2Fturismomaestrazgo.org%2Ffr%2Fevento%2Fles-quatre-saisons-de-vivaldi-camino-de-los-pilones%2F%29&#038;trp=false&#038;ctz=Europe\/Madrid&#038;sprop=website:https:\/\/turismomaestrazgo.org\/fr\/\"\n\t\t\t\t\t\t\t\t\t\tclass=\"tribe-events-c-subscribe-dropdown__list-item-link\"\n\t\t\t\t\t\t\t\t\t\ttarget=\"_blank\"\n\t\t\t\t\t\t\t\t\t\trel=\"noopener noreferrer nofollow noindex\"\n\t\t\t\t\t\t\t\t\t>\n\t\t\t\t\t\t\t\t\t\tGoogle Agenda\t\t\t\t\t\t\t\t\t<\/a>\n\t\t\t\t\t\t\t\t<\/li>\n\t\t\t\t\t\t\t\t\t\t\t\t\t\t\t<li class=\"tribe-events-c-subscribe-dropdown__list-item tribe-events-c-subscribe-dropdown__list-item--ical\">\n\t\t\t\t\t\t\t\t\t<a\n\t\t\t\t\t\t\t\t\t\thref=\"\"\n\t\t\t\t\t\t\t\t\t\tclass=\"tribe-events-c-subscribe-dropdown__list-item-link\"\n\t\t\t\t\t\t\t\t\t\ttarget=\"_blank\"\n\t\t\t\t\t\t\t\t\t\trel=\"noopener noreferrer nofollow noindex\"\n\t\t\t\t\t\t\t\t\t>\n\t\t\t\t\t\t\t\t\t\tiCalendar\t\t\t\t\t\t\t\t\t<\/a>\n\t\t\t\t\t\t\t\t<\/li>\n\t\t\t\t\t\t\t\t\t\t\t\t\t\t\t<li class=\"tribe-events-c-subscribe-dropdown__list-item tribe-events-c-subscribe-dropdown__list-item--outlook-365\">\n\t\t\t\t\t\t\t\t\t<a\n\t\t\t\t\t\t\t\t\t\thref=\"\"\n\t\t\t\t\t\t\t\t\t\tclass=\"tribe-events-c-subscribe-dropdown__list-item-link\"\n\t\t\t\t\t\t\t\t\t\ttarget=\"_blank\"\n\t\t\t\t\t\t\t\t\t\trel=\"noopener noreferrer nofollow noindex\"\n\t\t\t\t\t\t\t\t\t>\n\t\t\t\t\t\t\t\t\t\tOutlook 365\t\t\t\t\t\t\t\t\t<\/a>\n\t\t\t\t\t\t\t\t<\/li>\n\t\t\t\t\t\t\t\t\t\t\t\t\t\t\t<li class=\"tribe-events-c-subscribe-dropdown__list-item tribe-events-c-subscribe-dropdown__list-item--outlook-live\">\n\t\t\t\t\t\t\t\t\t<a\n\t\t\t\t\t\t\t\t\t\thref=\"\"\n\t\t\t\t\t\t\t\t\t\tclass=\"tribe-events-c-subscribe-dropdown__list-item-link\"\n\t\t\t\t\t\t\t\t\t\ttarget=\"_blank\"\n\t\t\t\t\t\t\t\t\t\trel=\"noopener noreferrer nofollow noindex\"\n\t\t\t\t\t\t\t\t\t>\n\t\t\t\t\t\t\t\t\t\tOutlook Live\t\t\t\t\t\t\t\t\t<\/a>\n\t\t\t\t\t\t\t\t<\/li>\n\t\t\t\t\t\t\t\t\t\t\t\t\t<\/ul>\n\t\t\t\t\t<\/div>\n\t\t\t\t<\/div>\n\t\t\t<\/div>\n\t\t<\/div>\n\t<\/div>\n\n","protected":false},"excerpt":{"rendered":"<p>\u00c0 17 h, vous aurez le plaisir de conna\u00eetre l&#8217;environnement du Camino de los Pilones avec Serafina Buj, de T-Gu\u00edo, entreprise de services touristiques et d&#8217;interpr\u00e9tation du patrimoine, qui vous [&hellip;]<\/p>\n","protected":false},"author":3,"featured_media":17881,"template":"","meta":{"_acf_changed":false,"_EventAllDay":false,"_EventTimezone":"UTC+0","_EventStartDate":"2021-09-11 17:00:00","_EventEndDate":"2021-09-11 19:00:00","_EventStartDateUTC":"2021-09-11 17:00:00","_EventEndDateUTC":"2021-09-11 19:00:00","_EventShowMap":false,"_EventShowMapLink":false,"_EventURL":"","_EventCost":"","_EventCostDescription":"","_EventCurrencySymbol":"","_EventCurrencyCode":"","_EventCurrencyPosition":"","_EventDateTimeSeparator":"","_EventTimeRangeSeparator":"","_EventOrganizerID":[],"_EventVenueID":[0],"_OrganizerEmail":"","_OrganizerPhone":"","_OrganizerWebsite":"","_VenueAddress":"","_VenueCity":"","_VenueCountry":"","_VenueProvince":"","_VenueState":"","_VenueZip":"","_VenuePhone":"","_VenueURL":"","_VenueStateProvince":"","_VenueLat":"","_VenueLng":"","_VenueShowMap":false,"_VenueShowMapLink":false,"_tribe_events_status":"","_tribe_events_status_reason":"","footnotes":""},"tags":[],"tribe_events_cat":[169],"class_list":["post-18958","tribe_events","type-tribe_events","status-publish","has-post-thumbnail","hentry","tribe_events_cat-cirque","cat_cirque"],"acf":[],"_links":{"self":[{"href":"https:\/\/turismomaestrazgo.org\/fr\/wp-json\/wp\/v2\/tribe_events\/18958","targetHints":{"allow":["GET"]}}],"collection":[{"href":"https:\/\/turismomaestrazgo.org\/fr\/wp-json\/wp\/v2\/tribe_events"}],"about":[{"href":"https:\/\/turismomaestrazgo.org\/fr\/wp-json\/wp\/v2\/types\/tribe_events"}],"author":[{"embeddable":true,"href":"https:\/\/turismomaestrazgo.org\/fr\/wp-json\/wp\/v2\/users\/3"}],"version-history":[{"count":0,"href":"https:\/\/turismomaestrazgo.org\/fr\/wp-json\/wp\/v2\/tribe_events\/18958\/revisions"}],"wp:featuredmedia":[{"embeddable":true,"href":"https:\/\/turismomaestrazgo.org\/fr\/wp-json\/wp\/v2\/media\/17881"}],"wp:attachment":[{"href":"https:\/\/turismomaestrazgo.org\/fr\/wp-json\/wp\/v2\/media?parent=18958"}],"wp:term":[{"taxonomy":"post_tag","embeddable":true,"href":"https:\/\/turismomaestrazgo.org\/fr\/wp-json\/wp\/v2\/tags?post=18958"},{"taxonomy":"tribe_events_cat","embeddable":true,"href":"https:\/\/turismomaestrazgo.org\/fr\/wp-json\/wp\/v2\/tribe_events_cat?post=18958"}],"curies":[{"name":"wp","href":"https:\/\/api.w.org\/{rel}","templated":true}]}}