{"id":18987,"date":"2021-10-01T12:55:55","date_gmt":"2021-10-01T12:55:55","guid":{"rendered":"https:\/\/turismomaestrazgo.org\/evento\/xvii-randonnee-dautomne-dans-le-ma-ma-ma-maestra-en-randonnee-dautomne\/"},"modified":"2022-08-03T14:43:38","modified_gmt":"2022-08-03T14:43:38","slug":"xvii-randonnee-dautomne-dans-le-ma-ma-ma-maestra-en-randonnee-dautomne","status":"publish","type":"tribe_events","link":"https:\/\/turismomaestrazgo.org\/fr\/evento\/xvii-randonnee-dautomne-dans-le-ma-ma-ma-maestra-en-randonnee-dautomne\/","title":{"rendered":"XVII RANDONN\u00c9E D&#8217;AUTOMNE DANS LE MA MA MA MAESTRA EN RANDONN\u00c9E D&#8217;AUTOMNE"},"content":{"rendered":"<div  class=\"tribe-events-schedule tribe-clearfix\" >\n\t<p class=\"tribe-events-schedule__datetime\">\n\t\t<span class=\"tribe-events-schedule__date tribe-events-schedule__date--start\">\n\t\t\t17 octobre 2021\t\t<\/span>\n\n\t\t\t\t\t<span class=\"tribe-events-schedule__separator tribe-events-schedule__separator--date\">\n\t\t\t\t | \t\t\t<\/span>\n\t\t\t<span class=\"tribe-events-schedule__time tribe-events-schedule__time--start\">\n\t\t\t\t10h00\t\t\t<\/span>\n\t\t\n\t\t\t\t\t\t\t\t\t<span class=\"tribe-events-schedule__separator tribe-events-schedule__separator--time\">\n\t\t\t\t\t &#8211; \t\t\t\t<\/span>\n\t\t\t\n\t\t\t\t\t\t\t<span class=\"tribe-events-schedule__time tribe-events-schedule__time--end\">\n\t\t\t\t\t17h00\t\t\t\t<\/span>\n\t\t\t\n\t\t\t\t\t\t<\/p>\n<\/div>\n<div  class=\"tribe-block tribe-block__venue tribe-clearfix\" >\n\t\n\t\n<div class=\"tribe-block__venue__meta\">\n\t<div class=\"tribe-block__venue__name\">\n\t\t<h3>La Iglesuela del Cid<\/h3>\n\t<\/div>\n\n\t\n\t\t\t\n\t\t\n\t\t\t\n\t<\/div>\n\t\n\t<\/div>\n\n<p>Le Service R\u00e9gional des Sports de la Comarca del Maestrazgo et la Mairie de La Iglesuela del Cid, organisent la XVII\u00e8me Randonn\u00e9e d&#8217;Automne Comarca del Maestrazgo qui aura lieu dans la ville de La Iglesuela del Cid le dimanche 17 octobre 2021.<\/p>\n\n<p>Vous avez le choix entre deux parcours : un parcours long de <strong>23 km<\/strong> avec un d\u00e9nivel\u00e9 cumul\u00e9 de 600 m, un parcours court de <strong>10 km<\/strong> avec un d\u00e9nivel\u00e9 cumul\u00e9 de 200m. Ils commencent et se terminent tous \u00e0 l&#8217;h\u00f4tel de ville\/place de l&#8217;\u00e9glise.<\/p>\n\n<p><br\/><a href=\"https:\/\/www.deportesmaestrazgo.es\/inicio\/42-marcha-senderista-de-otono-la-iglesuela.html\" target=\"_blank\" rel=\"noreferrer noopener\">Information et inscription<\/a><\/p>\n\n<div class=\"wp-block-image\"><figure class=\"aligncenter size-large\"><img fetchpriority=\"high\" decoding=\"async\" width=\"724\" height=\"1024\" src=\"https:\/\/turismomaestrazgo.org\/wp-content\/uploads\/2021\/10\/WhatsApp-Image-2021-09-20-at-08.39.18-724x1024.jpeg\" alt=\"Randonn&#xE9;e de l'automne 2021\" class=\"wp-image-17991\" srcset=\"https:\/\/turismomaestrazgo.org\/wp-content\/uploads\/2021\/10\/WhatsApp-Image-2021-09-20-at-08.39.18-724x1024.jpeg 724w, https:\/\/turismomaestrazgo.org\/wp-content\/uploads\/2021\/10\/WhatsApp-Image-2021-09-20-at-08.39.18-212x300.jpeg 212w, https:\/\/turismomaestrazgo.org\/wp-content\/uploads\/2021\/10\/WhatsApp-Image-2021-09-20-at-08.39.18-768x1086.jpeg 768w, https:\/\/turismomaestrazgo.org\/wp-content\/uploads\/2021\/10\/WhatsApp-Image-2021-09-20-at-08.39.18-1086x1536.jpeg 1086w, https:\/\/turismomaestrazgo.org\/wp-content\/uploads\/2021\/10\/WhatsApp-Image-2021-09-20-at-08.39.18.jpeg 1131w\" sizes=\"(max-width: 724px) 100vw, 724px\" \/><\/figure><\/div>\n<div  class=\"tribe-block tribe-block__event-price\" >\n\t\t<\/div>\n\t<div  class=\"tribe-block tribe-block__events-link\" >\n\t\t<div class=\"tribe-events tribe-common\">\n\t\t\t<div class=\"tribe-events-c-subscribe-dropdown__container\">\n\t\t\t\t<div class=\"tribe-events-c-subscribe-dropdown\">\n\t\t\t\t\t<div class=\"tribe-common-c-btn-border tribe-events-c-subscribe-dropdown__button\">\n\t\t\t\t\t\t<svg\n\t class=\"tribe-common-c-svgicon tribe-common-c-svgicon--cal-export tribe-events-c-subscribe-dropdown__export-icon\" \taria-hidden=\"true\"\n\tviewBox=\"0 0 23 17\"\n\txmlns=\"http:\/\/www.w3.org\/2000\/svg\"\n>\n\t<path fill-rule=\"evenodd\" clip-rule=\"evenodd\" d=\"M.128.896V16.13c0 .211.145.383.323.383h15.354c.179 0 .323-.172.323-.383V.896c0-.212-.144-.383-.323-.383H.451C.273.513.128.684.128.896Zm16 6.742h-.901V4.679H1.009v10.729h14.218v-3.336h.901V7.638ZM1.01 1.614h14.218v2.058H1.009V1.614Z\" \/>\n\t<path d=\"M20.5 9.846H8.312M18.524 6.953l2.89 2.909-2.855 2.855\" stroke-width=\"1.2\" stroke-linecap=\"round\" stroke-linejoin=\"round\"\/>\n<\/svg>\n\t\t\t\t\t\t<button\n\t\t\t\t\t\t\tclass=\"tribe-events-c-subscribe-dropdown__button-text\"\n\t\t\t\t\t\t\taria-expanded=\"false\"\n\t\t\t\t\t\t\taria-controls=\"tribe-events-subscribe-dropdown-content\"\n\t\t\t\t\t\t\taria-label=\"Afficher les liens permettant d\u2019ajouter des \u00e9v\u00e8nements \u00e0 votre calendrier\"\n\t\t\t\t\t\t>\n\t\t\t\t\t\t\tAjouter au calendrier\t\t\t\t\t\t<\/button>\n\t\t\t\t\t\t<svg\n\t class=\"tribe-common-c-svgicon tribe-common-c-svgicon--caret-down tribe-events-c-subscribe-dropdown__button-icon\" \taria-hidden=\"true\"\n\tviewBox=\"0 0 10 7\"\n\txmlns=\"http:\/\/www.w3.org\/2000\/svg\"\n>\n\t<path fill-rule=\"evenodd\" clip-rule=\"evenodd\" d=\"M1.008.609L5 4.6 8.992.61l.958.958L5 6.517.05 1.566l.958-.958z\" class=\"tribe-common-c-svgicon__svg-fill\"\/>\n<\/svg>\n\t\t\t\t\t<\/div>\n\t\t\t\t\t<div id=\"tribe-events-subscribe-dropdown-content\" class=\"tribe-events-c-subscribe-dropdown__content\">\n\t\t\t\t\t\t<ul class=\"tribe-events-c-subscribe-dropdown__list\">\n\t\t\t\t\t\t\t\t\t\t\t\t\t\t\t<li class=\"tribe-events-c-subscribe-dropdown__list-item tribe-events-c-subscribe-dropdown__list-item--gcal\">\n\t\t\t\t\t\t\t\t\t<a\n\t\t\t\t\t\t\t\t\t\thref=\"https:\/\/www.google.com\/calendar\/event?action=TEMPLATE&#038;dates=20211017T080000\/20211017T150000&#038;text=XVII%20RANDONN%C3%89E%20D%26%238217%3BAUTOMNE%20DANS%20LE%20MA%20MA%20MA%20MAESTRA%20EN%20RANDONN%C3%89E%20D%26%238217%3BAUTOMNE&#038;details=%3Cp%3ELe+Service+R%C3%A9gional+des+Sports+de+la+Comarca+del+Maestrazgo+et+la+Mairie+de+La+Iglesuela+del+Cid%2C+organisent+la+XVII%C3%A8me+Randonn%C3%A9e+d%27Automne+Comarca+del+Maestrazgo+qui+aura+lieu+dans+la+ville+de+La+Iglesuela+del+Cid+le+dimanche+17+octobre+2021.%3C%2Fp%3E+%3Cp%3EVous+avez+le+choix+entre+deux+parcours+%3A+un+parcours+long+de+%3Cstrong%3E23+km%3C%2Fstrong%3E+avec+un+d%C3%A9nivel%C3%A9+cumul%C3%A9+de+600+m%2C+un+parcours+court+de+%3Cstrong%3E10+km%3C%2Fstrong%3E+avec+un+d%C3%A9nivel%C3%A9+cumul%C3%A9+de+200m.+Ils+commencent+et+se+terminent+tous+%C3%A0+l%27h%C3%B4tel+de+ville%2Fplace+de+l%27%C3%A9glise.%3C%2Fp%3E+%3Cp%3E%3Cbr%2F%3E%3Ca+href%3D%22https%3A%2F%2Fwww.deportesmaestrazgo.es%2Finicio%2F42-marcha-senderista-de-otono-la-iglesuela.html%22+target%3D%22_blank%22+rel%3D%22noreferrer+noopener%22%3EInformation+et+inscription%3C%2Fa%3E%3C%2Fp%3E+%3Cdiv+class%3D%22wp-block-image%22%3E%3Cfigure+class%3D%22aligncenter+size-large%22%3E%3Cimg+src%3D%22https%3A%2F%2Fturismomaestrazgo.org%2Fwp-content%2Fuploads%2F2021%2F10%2FWhatsApp-Image-2021-09-20-at-08.39.18-724x1024.jpeg%22+alt%3D%22Randonn%26%23xE9%3Be+de+l%27automne+2021%22+class%3D%22wp-image-17991%22%2F%3E%3C%2Ffigure%3E%3C%2Fdiv%3E&#038;location=La%20Iglesuela%20del%20Cid&#038;trp=false&#038;ctz=Europe\/Madrid&#038;sprop=website:https:\/\/turismomaestrazgo.org\/fr\/\"\n\t\t\t\t\t\t\t\t\t\tclass=\"tribe-events-c-subscribe-dropdown__list-item-link\"\n\t\t\t\t\t\t\t\t\t\ttarget=\"_blank\"\n\t\t\t\t\t\t\t\t\t\trel=\"noopener noreferrer nofollow noindex\"\n\t\t\t\t\t\t\t\t\t>\n\t\t\t\t\t\t\t\t\t\tGoogle Agenda\t\t\t\t\t\t\t\t\t<\/a>\n\t\t\t\t\t\t\t\t<\/li>\n\t\t\t\t\t\t\t\t\t\t\t\t\t\t\t<li class=\"tribe-events-c-subscribe-dropdown__list-item tribe-events-c-subscribe-dropdown__list-item--ical\">\n\t\t\t\t\t\t\t\t\t<a\n\t\t\t\t\t\t\t\t\t\thref=\"\"\n\t\t\t\t\t\t\t\t\t\tclass=\"tribe-events-c-subscribe-dropdown__list-item-link\"\n\t\t\t\t\t\t\t\t\t\ttarget=\"_blank\"\n\t\t\t\t\t\t\t\t\t\trel=\"noopener noreferrer nofollow noindex\"\n\t\t\t\t\t\t\t\t\t>\n\t\t\t\t\t\t\t\t\t\tiCalendar\t\t\t\t\t\t\t\t\t<\/a>\n\t\t\t\t\t\t\t\t<\/li>\n\t\t\t\t\t\t\t\t\t\t\t\t\t\t\t<li class=\"tribe-events-c-subscribe-dropdown__list-item tribe-events-c-subscribe-dropdown__list-item--outlook-365\">\n\t\t\t\t\t\t\t\t\t<a\n\t\t\t\t\t\t\t\t\t\thref=\"\"\n\t\t\t\t\t\t\t\t\t\tclass=\"tribe-events-c-subscribe-dropdown__list-item-link\"\n\t\t\t\t\t\t\t\t\t\ttarget=\"_blank\"\n\t\t\t\t\t\t\t\t\t\trel=\"noopener noreferrer nofollow noindex\"\n\t\t\t\t\t\t\t\t\t>\n\t\t\t\t\t\t\t\t\t\tOutlook 365\t\t\t\t\t\t\t\t\t<\/a>\n\t\t\t\t\t\t\t\t<\/li>\n\t\t\t\t\t\t\t\t\t\t\t\t\t\t\t<li class=\"tribe-events-c-subscribe-dropdown__list-item tribe-events-c-subscribe-dropdown__list-item--outlook-live\">\n\t\t\t\t\t\t\t\t\t<a\n\t\t\t\t\t\t\t\t\t\thref=\"\"\n\t\t\t\t\t\t\t\t\t\tclass=\"tribe-events-c-subscribe-dropdown__list-item-link\"\n\t\t\t\t\t\t\t\t\t\ttarget=\"_blank\"\n\t\t\t\t\t\t\t\t\t\trel=\"noopener noreferrer nofollow noindex\"\n\t\t\t\t\t\t\t\t\t>\n\t\t\t\t\t\t\t\t\t\tOutlook Live\t\t\t\t\t\t\t\t\t<\/a>\n\t\t\t\t\t\t\t\t<\/li>\n\t\t\t\t\t\t\t\t\t\t\t\t\t<\/ul>\n\t\t\t\t\t<\/div>\n\t\t\t\t<\/div>\n\t\t\t<\/div>\n\t\t<\/div>\n\t<\/div>\n\n","protected":false},"excerpt":{"rendered":"<p>Le Service R\u00e9gional des Sports de la Comarca del Maestrazgo et la Mairie de La Iglesuela del Cid, organisent la XVII\u00e8me Randonn\u00e9e d&#8217;Automne Comarca del Maestrazgo qui aura lieu dans [&hellip;]<\/p>\n","protected":false},"author":3,"featured_media":14485,"template":"","meta":{"_acf_changed":false,"_EventAllDay":false,"_EventTimezone":"UTC+0","_EventStartDate":"2021-10-17 08:00:00","_EventEndDate":"2021-10-17 15:00:00","_EventStartDateUTC":"2021-10-17 08:00:00","_EventEndDateUTC":"2021-10-17 15:00:00","_EventShowMap":false,"_EventShowMapLink":false,"_EventURL":"","_EventCost":"","_EventCostDescription":"","_EventCurrencySymbol":"","_EventCurrencyCode":"","_EventCurrencyPosition":"","_EventDateTimeSeparator":"","_EventTimeRangeSeparator":"","_EventOrganizerID":[],"_EventVenueID":[18864],"_OrganizerEmail":"","_OrganizerPhone":"","_OrganizerWebsite":"","_VenueAddress":"","_VenueCity":"","_VenueCountry":"","_VenueProvince":"","_VenueState":"","_VenueZip":"","_VenuePhone":"","_VenueURL":"","_VenueStateProvince":"","_VenueLat":"","_VenueLng":"","_VenueShowMap":false,"_VenueShowMapLink":false,"_tribe_events_status":"","_tribe_events_status_reason":"","footnotes":""},"tags":[],"tribe_events_cat":[167],"class_list":["post-18987","tribe_events","type-tribe_events","status-publish","has-post-thumbnail","hentry","tribe_events_cat-spectacles","cat_spectacles"],"acf":[],"_links":{"self":[{"href":"https:\/\/turismomaestrazgo.org\/fr\/wp-json\/wp\/v2\/tribe_events\/18987","targetHints":{"allow":["GET"]}}],"collection":[{"href":"https:\/\/turismomaestrazgo.org\/fr\/wp-json\/wp\/v2\/tribe_events"}],"about":[{"href":"https:\/\/turismomaestrazgo.org\/fr\/wp-json\/wp\/v2\/types\/tribe_events"}],"author":[{"embeddable":true,"href":"https:\/\/turismomaestrazgo.org\/fr\/wp-json\/wp\/v2\/users\/3"}],"version-history":[{"count":0,"href":"https:\/\/turismomaestrazgo.org\/fr\/wp-json\/wp\/v2\/tribe_events\/18987\/revisions"}],"wp:featuredmedia":[{"embeddable":true,"href":"https:\/\/turismomaestrazgo.org\/fr\/wp-json\/wp\/v2\/media\/14485"}],"wp:attachment":[{"href":"https:\/\/turismomaestrazgo.org\/fr\/wp-json\/wp\/v2\/media?parent=18987"}],"wp:term":[{"taxonomy":"post_tag","embeddable":true,"href":"https:\/\/turismomaestrazgo.org\/fr\/wp-json\/wp\/v2\/tags?post=18987"},{"taxonomy":"tribe_events_cat","embeddable":true,"href":"https:\/\/turismomaestrazgo.org\/fr\/wp-json\/wp\/v2\/tribe_events_cat?post=18987"}],"curies":[{"name":"wp","href":"https:\/\/api.w.org\/{rel}","templated":true}]}}